{"id":61,"date":"2019-09-23T15:10:23","date_gmt":"2019-09-23T13:10:23","guid":{"rendered":"http:\/\/artetfacadedantan.com\/?page_id=61"},"modified":"2020-03-31T14:55:29","modified_gmt":"2020-03-31T12:55:29","slug":"nos-realisations","status":"publish","type":"page","link":"https:\/\/artetfacadedantan.fr\/index.php\/nos-realisations\/","title":{"rendered":"Nos r\u00e9alisations"},"content":{"rendered":"\t\t<div data-elementor-type=\"wp-page\" data-elementor-id=\"61\" class=\"elementor elementor-61\">\n\t\t\t\t\t\t<section class=\"elementor-section elementor-top-section elementor-element elementor-element-5d6b61a9 elementor-section-boxed elementor-section-height-default elementor-section-height-default\" data-id=\"5d6b61a9\" data-element_type=\"section\">\n\t\t\t\t\t\t<div class=\"elementor-container elementor-column-gap-default\">\n\t\t\t\t\t<div class=\"elementor-column elementor-col-100 elementor-top-column elementor-element elementor-element-5b40a2bf\" data-id=\"5b40a2bf\" data-element_type=\"column\">\n\t\t\t<div class=\"elementor-widget-wrap elementor-element-populated\">\n\t\t\t\t\t\t<div class=\"elementor-element elementor-element-e6b667b elementor-widget elementor-widget-heading\" data-id=\"e6b667b\" data-element_type=\"widget\" data-widget_type=\"heading.default\">\n\t\t\t\t<div class=\"elementor-widget-container\">\n\t\t\t\t\t<h2 class=\"elementor-heading-title elementor-size-default\">PIERRE DE PAREMENT<\/h2>\t\t\t\t<\/div>\n\t\t\t\t<\/div>\n\t\t\t\t<div class=\"elementor-element elementor-element-e89ec4d elementor-widget-divider--view-line elementor-widget elementor-widget-divider\" data-id=\"e89ec4d\" data-element_type=\"widget\" data-widget_type=\"divider.default\">\n\t\t\t\t<div class=\"elementor-widget-container\">\n\t\t\t\t\t\t\t<div class=\"elementor-divider\">\n\t\t\t<span class=\"elementor-divider-separator\">\n\t\t\t\t\t\t<\/span>\n\t\t<\/div>\n\t\t\t\t\t\t<\/div>\n\t\t\t\t<\/div>\n\t\t\t\t<div class=\"elementor-element elementor-element-59ef475 gallery-spacing-custom elementor-widget elementor-widget-image-gallery\" data-id=\"59ef475\" data-element_type=\"widget\" data-widget_type=\"image-gallery.default\">\n\t\t\t\t<div class=\"elementor-widget-container\">\n\t\t\t\t\t\t\t<div class=\"elementor-image-gallery\">\n\t\t\t<div id='gallery-1' class='gallery galleryid-61 gallery-columns-2 gallery-size-large'><figure class='gallery-item'>\n\t\t\t<div class='gallery-icon landscape'>\n\t\t\t\t<a data-elementor-open-lightbox=\"yes\" data-elementor-lightbox-slideshow=\"59ef475\" data-elementor-lightbox-title=\"art-et-facades-d-antan-villas-contemporaines_02-1\" data-e-action-hash=\"#elementor-action%3Aaction%3Dlightbox%26settings%3DeyJpZCI6ODgsInVybCI6Imh0dHBzOlwvXC9hcnRldGZhY2FkZWRhbnRhbi5mclwvd3AtY29udGVudFwvdXBsb2Fkc1wvMjAxOVwvMDlcL2FydC1ldC1mYWNhZGVzLWQtYW50YW4tdmlsbGFzLWNvbnRlbXBvcmFpbmVzXzAyLTEuanBnIiwic2xpZGVzaG93IjoiNTllZjQ3NSJ9\" href='https:\/\/artetfacadedantan.fr\/wp-content\/uploads\/2019\/09\/art-et-facades-d-antan-villas-contemporaines_02-1.jpg'><img fetchpriority=\"high\" decoding=\"async\" width=\"525\" height=\"394\" src=\"https:\/\/artetfacadedantan.fr\/wp-content\/uploads\/2019\/09\/art-et-facades-d-antan-villas-contemporaines_02-1-1024x768.jpg\" class=\"attachment-large size-large\" alt=\"\" srcset=\"https:\/\/artetfacadedantan.fr\/wp-content\/uploads\/2019\/09\/art-et-facades-d-antan-villas-contemporaines_02-1-1024x768.jpg 1024w, https:\/\/artetfacadedantan.fr\/wp-content\/uploads\/2019\/09\/art-et-facades-d-antan-villas-contemporaines_02-1-300x225.jpg 300w, https:\/\/artetfacadedantan.fr\/wp-content\/uploads\/2019\/09\/art-et-facades-d-antan-villas-contemporaines_02-1-768x576.jpg 768w, https:\/\/artetfacadedantan.fr\/wp-content\/uploads\/2019\/09\/art-et-facades-d-antan-villas-contemporaines_02-1.jpg 1280w\" sizes=\"100vw\" \/><\/a>\n\t\t\t<\/div><\/figure><figure class='gallery-item'>\n\t\t\t<div class='gallery-icon landscape'>\n\t\t\t\t<a data-elementor-open-lightbox=\"yes\" data-elementor-lightbox-slideshow=\"59ef475\" data-elementor-lightbox-title=\"art-et-facades-d-antan-villas-contemporaines_01-1\" data-e-action-hash=\"#elementor-action%3Aaction%3Dlightbox%26settings%3DeyJpZCI6ODcsInVybCI6Imh0dHBzOlwvXC9hcnRldGZhY2FkZWRhbnRhbi5mclwvd3AtY29udGVudFwvdXBsb2Fkc1wvMjAxOVwvMDlcL2FydC1ldC1mYWNhZGVzLWQtYW50YW4tdmlsbGFzLWNvbnRlbXBvcmFpbmVzXzAxLTEuanBnIiwic2xpZGVzaG93IjoiNTllZjQ3NSJ9\" href='https:\/\/artetfacadedantan.fr\/wp-content\/uploads\/2019\/09\/art-et-facades-d-antan-villas-contemporaines_01-1.jpg'><img decoding=\"async\" width=\"525\" height=\"394\" src=\"https:\/\/artetfacadedantan.fr\/wp-content\/uploads\/2019\/09\/art-et-facades-d-antan-villas-contemporaines_01-1-1024x768.jpg\" class=\"attachment-large size-large\" alt=\"\" srcset=\"https:\/\/artetfacadedantan.fr\/wp-content\/uploads\/2019\/09\/art-et-facades-d-antan-villas-contemporaines_01-1-1024x768.jpg 1024w, https:\/\/artetfacadedantan.fr\/wp-content\/uploads\/2019\/09\/art-et-facades-d-antan-villas-contemporaines_01-1-300x225.jpg 300w, https:\/\/artetfacadedantan.fr\/wp-content\/uploads\/2019\/09\/art-et-facades-d-antan-villas-contemporaines_01-1-768x576.jpg 768w, https:\/\/artetfacadedantan.fr\/wp-content\/uploads\/2019\/09\/art-et-facades-d-antan-villas-contemporaines_01-1.jpg 1280w\" sizes=\"100vw\" \/><\/a>\n\t\t\t<\/div><\/figure>\n\t\t<\/div>\n\t\t<\/div>\n\t\t\t\t\t\t<\/div>\n\t\t\t\t<\/div>\n\t\t\t\t<div class=\"elementor-element elementor-element-b430805 elementor-widget elementor-widget-heading\" data-id=\"b430805\" data-element_type=\"widget\" data-widget_type=\"heading.default\">\n\t\t\t\t<div class=\"elementor-widget-container\">\n\t\t\t\t\t<h2 class=\"elementor-heading-title elementor-size-default\">RENOVATIONS AVANT\/APRES<\/h2>\t\t\t\t<\/div>\n\t\t\t\t<\/div>\n\t\t\t\t<div class=\"elementor-element elementor-element-744c26c elementor-widget-divider--view-line elementor-widget elementor-widget-divider\" data-id=\"744c26c\" data-element_type=\"widget\" data-widget_type=\"divider.default\">\n\t\t\t\t<div class=\"elementor-widget-container\">\n\t\t\t\t\t\t\t<div class=\"elementor-divider\">\n\t\t\t<span class=\"elementor-divider-separator\">\n\t\t\t\t\t\t<\/span>\n\t\t<\/div>\n\t\t\t\t\t\t<\/div>\n\t\t\t\t<\/div>\n\t\t\t\t<div class=\"elementor-element elementor-element-4b6ac84 elementor-widget elementor-widget-image-gallery\" data-id=\"4b6ac84\" data-element_type=\"widget\" data-widget_type=\"image-gallery.default\">\n\t\t\t\t<div class=\"elementor-widget-container\">\n\t\t\t\t\t\t\t<div class=\"elementor-image-gallery\">\n\t\t\t<div id='gallery-2' class='gallery galleryid-61 gallery-columns-2 gallery-size-large'><figure class='gallery-item'>\n\t\t\t<div class='gallery-icon landscape'>\n\t\t\t\t<a data-elementor-open-lightbox=\"yes\" data-elementor-lightbox-slideshow=\"4b6ac84\" data-elementor-lightbox-title=\"art-et-facades-d-antan-renovation_02\" data-e-action-hash=\"#elementor-action%3Aaction%3Dlightbox%26settings%3DeyJpZCI6ODMsInVybCI6Imh0dHBzOlwvXC9hcnRldGZhY2FkZWRhbnRhbi5mclwvd3AtY29udGVudFwvdXBsb2Fkc1wvMjAxOVwvMDlcL2FydC1ldC1mYWNhZGVzLWQtYW50YW4tcmVub3ZhdGlvbl8wMi5qcGciLCJzbGlkZXNob3ciOiI0YjZhYzg0In0%3D\" href='https:\/\/artetfacadedantan.fr\/wp-content\/uploads\/2019\/09\/art-et-facades-d-antan-renovation_02.jpg'><img decoding=\"async\" width=\"525\" height=\"394\" src=\"https:\/\/artetfacadedantan.fr\/wp-content\/uploads\/2019\/09\/art-et-facades-d-antan-renovation_02-1024x768.jpg\" class=\"attachment-large size-large\" alt=\"\" srcset=\"https:\/\/artetfacadedantan.fr\/wp-content\/uploads\/2019\/09\/art-et-facades-d-antan-renovation_02-1024x768.jpg 1024w, https:\/\/artetfacadedantan.fr\/wp-content\/uploads\/2019\/09\/art-et-facades-d-antan-renovation_02-300x225.jpg 300w, https:\/\/artetfacadedantan.fr\/wp-content\/uploads\/2019\/09\/art-et-facades-d-antan-renovation_02-768x576.jpg 768w, https:\/\/artetfacadedantan.fr\/wp-content\/uploads\/2019\/09\/art-et-facades-d-antan-renovation_02.jpg 1280w\" sizes=\"100vw\" \/><\/a>\n\t\t\t<\/div><\/figure><figure class='gallery-item'>\n\t\t\t<div class='gallery-icon landscape'>\n\t\t\t\t<a data-elementor-open-lightbox=\"yes\" data-elementor-lightbox-slideshow=\"4b6ac84\" data-elementor-lightbox-title=\"art-et-facades-d-antan-renovation_03\" data-e-action-hash=\"#elementor-action%3Aaction%3Dlightbox%26settings%3DeyJpZCI6ODQsInVybCI6Imh0dHBzOlwvXC9hcnRldGZhY2FkZWRhbnRhbi5mclwvd3AtY29udGVudFwvdXBsb2Fkc1wvMjAxOVwvMDlcL2FydC1ldC1mYWNhZGVzLWQtYW50YW4tcmVub3ZhdGlvbl8wMy5qcGciLCJzbGlkZXNob3ciOiI0YjZhYzg0In0%3D\" href='https:\/\/artetfacadedantan.fr\/wp-content\/uploads\/2019\/09\/art-et-facades-d-antan-renovation_03.jpg'><img loading=\"lazy\" decoding=\"async\" width=\"525\" height=\"394\" src=\"https:\/\/artetfacadedantan.fr\/wp-content\/uploads\/2019\/09\/art-et-facades-d-antan-renovation_03-1024x768.jpg\" class=\"attachment-large size-large\" alt=\"\" srcset=\"https:\/\/artetfacadedantan.fr\/wp-content\/uploads\/2019\/09\/art-et-facades-d-antan-renovation_03-1024x768.jpg 1024w, https:\/\/artetfacadedantan.fr\/wp-content\/uploads\/2019\/09\/art-et-facades-d-antan-renovation_03-300x225.jpg 300w, https:\/\/artetfacadedantan.fr\/wp-content\/uploads\/2019\/09\/art-et-facades-d-antan-renovation_03-768x576.jpg 768w, https:\/\/artetfacadedantan.fr\/wp-content\/uploads\/2019\/09\/art-et-facades-d-antan-renovation_03.jpg 1280w\" sizes=\"100vw\" \/><\/a>\n\t\t\t<\/div><\/figure><figure class='gallery-item'>\n\t\t\t<div class='gallery-icon landscape'>\n\t\t\t\t<a data-elementor-open-lightbox=\"yes\" data-elementor-lightbox-slideshow=\"4b6ac84\" data-elementor-lightbox-title=\"thumbnail_IMG_0441\" data-e-action-hash=\"#elementor-action%3Aaction%3Dlightbox%26settings%3DeyJpZCI6NTU3LCJ1cmwiOiJodHRwczpcL1wvYXJ0ZXRmYWNhZGVkYW50YW4uZnJcL3dwLWNvbnRlbnRcL3VwbG9hZHNcLzIwMTlcLzEwXC90aHVtYm5haWxfSU1HXzA0NDEuanBnIiwic2xpZGVzaG93IjoiNGI2YWM4NCJ9\" href='https:\/\/artetfacadedantan.fr\/wp-content\/uploads\/2019\/10\/thumbnail_IMG_0441.jpg'><img loading=\"lazy\" decoding=\"async\" width=\"525\" height=\"394\" src=\"https:\/\/artetfacadedantan.fr\/wp-content\/uploads\/2019\/10\/thumbnail_IMG_0441-1024x768.jpg\" class=\"attachment-large size-large\" alt=\"\" srcset=\"https:\/\/artetfacadedantan.fr\/wp-content\/uploads\/2019\/10\/thumbnail_IMG_0441-1024x768.jpg 1024w, https:\/\/artetfacadedantan.fr\/wp-content\/uploads\/2019\/10\/thumbnail_IMG_0441-300x225.jpg 300w, https:\/\/artetfacadedantan.fr\/wp-content\/uploads\/2019\/10\/thumbnail_IMG_0441-768x576.jpg 768w, https:\/\/artetfacadedantan.fr\/wp-content\/uploads\/2019\/10\/thumbnail_IMG_0441.jpg 1280w\" sizes=\"100vw\" \/><\/a>\n\t\t\t<\/div><\/figure><figure class='gallery-item'>\n\t\t\t<div class='gallery-icon landscape'>\n\t\t\t\t<a data-elementor-open-lightbox=\"yes\" data-elementor-lightbox-slideshow=\"4b6ac84\" data-elementor-lightbox-title=\"thumbnail_IMG_0478\" data-e-action-hash=\"#elementor-action%3Aaction%3Dlightbox%26settings%3DeyJpZCI6NTU2LCJ1cmwiOiJodHRwczpcL1wvYXJ0ZXRmYWNhZGVkYW50YW4uZnJcL3dwLWNvbnRlbnRcL3VwbG9hZHNcLzIwMTlcLzEwXC90aHVtYm5haWxfSU1HXzA0NzguanBnIiwic2xpZGVzaG93IjoiNGI2YWM4NCJ9\" href='https:\/\/artetfacadedantan.fr\/wp-content\/uploads\/2019\/10\/thumbnail_IMG_0478.jpg'><img loading=\"lazy\" decoding=\"async\" width=\"525\" height=\"394\" src=\"https:\/\/artetfacadedantan.fr\/wp-content\/uploads\/2019\/10\/thumbnail_IMG_0478-1024x768.jpg\" class=\"attachment-large size-large\" alt=\"\" srcset=\"https:\/\/artetfacadedantan.fr\/wp-content\/uploads\/2019\/10\/thumbnail_IMG_0478-1024x768.jpg 1024w, https:\/\/artetfacadedantan.fr\/wp-content\/uploads\/2019\/10\/thumbnail_IMG_0478-300x225.jpg 300w, https:\/\/artetfacadedantan.fr\/wp-content\/uploads\/2019\/10\/thumbnail_IMG_0478-768x576.jpg 768w, https:\/\/artetfacadedantan.fr\/wp-content\/uploads\/2019\/10\/thumbnail_IMG_0478.jpg 1280w\" sizes=\"100vw\" \/><\/a>\n\t\t\t<\/div><\/figure><figure class='gallery-item'>\n\t\t\t<div class='gallery-icon landscape'>\n\t\t\t\t<a data-elementor-open-lightbox=\"yes\" data-elementor-lightbox-slideshow=\"4b6ac84\" data-elementor-lightbox-title=\"thumbnail_IMG_0659\" data-e-action-hash=\"#elementor-action%3Aaction%3Dlightbox%26settings%3DeyJpZCI6NTU5LCJ1cmwiOiJodHRwczpcL1wvYXJ0ZXRmYWNhZGVkYW50YW4uZnJcL3dwLWNvbnRlbnRcL3VwbG9hZHNcLzIwMTlcLzEwXC90aHVtYm5haWxfSU1HXzA2NTkuanBnIiwic2xpZGVzaG93IjoiNGI2YWM4NCJ9\" href='https:\/\/artetfacadedantan.fr\/wp-content\/uploads\/2019\/10\/thumbnail_IMG_0659.jpg'><img loading=\"lazy\" decoding=\"async\" width=\"525\" height=\"394\" src=\"https:\/\/artetfacadedantan.fr\/wp-content\/uploads\/2019\/10\/thumbnail_IMG_0659-1024x768.jpg\" class=\"attachment-large size-large\" alt=\"\" srcset=\"https:\/\/artetfacadedantan.fr\/wp-content\/uploads\/2019\/10\/thumbnail_IMG_0659-1024x768.jpg 1024w, https:\/\/artetfacadedantan.fr\/wp-content\/uploads\/2019\/10\/thumbnail_IMG_0659-300x225.jpg 300w, https:\/\/artetfacadedantan.fr\/wp-content\/uploads\/2019\/10\/thumbnail_IMG_0659-768x576.jpg 768w, https:\/\/artetfacadedantan.fr\/wp-content\/uploads\/2019\/10\/thumbnail_IMG_0659.jpg 1280w\" sizes=\"100vw\" \/><\/a>\n\t\t\t<\/div><\/figure><figure class='gallery-item'>\n\t\t\t<div class='gallery-icon landscape'>\n\t\t\t\t<a data-elementor-open-lightbox=\"yes\" data-elementor-lightbox-slideshow=\"4b6ac84\" data-elementor-lightbox-title=\"thumbnail_IMG_0676\" data-e-action-hash=\"#elementor-action%3Aaction%3Dlightbox%26settings%3DeyJpZCI6NTYwLCJ1cmwiOiJodHRwczpcL1wvYXJ0ZXRmYWNhZGVkYW50YW4uZnJcL3dwLWNvbnRlbnRcL3VwbG9hZHNcLzIwMTlcLzEwXC90aHVtYm5haWxfSU1HXzA2NzYuanBnIiwic2xpZGVzaG93IjoiNGI2YWM4NCJ9\" href='https:\/\/artetfacadedantan.fr\/wp-content\/uploads\/2019\/10\/thumbnail_IMG_0676.jpg'><img loading=\"lazy\" decoding=\"async\" width=\"525\" height=\"394\" src=\"https:\/\/artetfacadedantan.fr\/wp-content\/uploads\/2019\/10\/thumbnail_IMG_0676-1024x768.jpg\" class=\"attachment-large size-large\" alt=\"\" srcset=\"https:\/\/artetfacadedantan.fr\/wp-content\/uploads\/2019\/10\/thumbnail_IMG_0676-1024x768.jpg 1024w, https:\/\/artetfacadedantan.fr\/wp-content\/uploads\/2019\/10\/thumbnail_IMG_0676-300x225.jpg 300w, https:\/\/artetfacadedantan.fr\/wp-content\/uploads\/2019\/10\/thumbnail_IMG_0676-768x576.jpg 768w, https:\/\/artetfacadedantan.fr\/wp-content\/uploads\/2019\/10\/thumbnail_IMG_0676.jpg 1280w\" sizes=\"100vw\" \/><\/a>\n\t\t\t<\/div><\/figure>\n\t\t<\/div>\n\t\t<\/div>\n\t\t\t\t\t\t<\/div>\n\t\t\t\t<\/div>\n\t\t\t\t<div class=\"elementor-element elementor-element-577a601 elementor-widget elementor-widget-heading\" data-id=\"577a601\" data-element_type=\"widget\" data-widget_type=\"heading.default\">\n\t\t\t\t<div class=\"elementor-widget-container\">\n\t\t\t\t\t<h2 class=\"elementor-heading-title elementor-size-default\">MAISON TRADITIONNELLE GRATTE FIN<\/h2>\t\t\t\t<\/div>\n\t\t\t\t<\/div>\n\t\t\t\t<div class=\"elementor-element elementor-element-7db4ad2 elementor-widget-divider--view-line elementor-widget elementor-widget-divider\" data-id=\"7db4ad2\" data-element_type=\"widget\" data-widget_type=\"divider.default\">\n\t\t\t\t<div class=\"elementor-widget-container\">\n\t\t\t\t\t\t\t<div class=\"elementor-divider\">\n\t\t\t<span class=\"elementor-divider-separator\">\n\t\t\t\t\t\t<\/span>\n\t\t<\/div>\n\t\t\t\t\t\t<\/div>\n\t\t\t\t<\/div>\n\t\t\t\t<div class=\"elementor-element elementor-element-8446098 elementor-widget elementor-widget-image-gallery\" data-id=\"8446098\" data-element_type=\"widget\" data-widget_type=\"image-gallery.default\">\n\t\t\t\t<div class=\"elementor-widget-container\">\n\t\t\t\t\t\t\t<div class=\"elementor-image-gallery\">\n\t\t\t<div id='gallery-3' class='gallery galleryid-61 gallery-columns-2 gallery-size-large'><figure class='gallery-item'>\n\t\t\t<div class='gallery-icon landscape'>\n\t\t\t\t<a data-elementor-open-lightbox=\"yes\" data-elementor-lightbox-slideshow=\"8446098\" data-elementor-lightbox-title=\"thumbnail_IMG_0955\" data-e-action-hash=\"#elementor-action%3Aaction%3Dlightbox%26settings%3DeyJpZCI6NTYyLCJ1cmwiOiJodHRwczpcL1wvYXJ0ZXRmYWNhZGVkYW50YW4uZnJcL3dwLWNvbnRlbnRcL3VwbG9hZHNcLzIwMTlcLzEwXC90aHVtYm5haWxfSU1HXzA5NTUuanBnIiwic2xpZGVzaG93IjoiODQ0NjA5OCJ9\" href='https:\/\/artetfacadedantan.fr\/wp-content\/uploads\/2019\/10\/thumbnail_IMG_0955.jpg'><img loading=\"lazy\" decoding=\"async\" width=\"525\" height=\"394\" src=\"https:\/\/artetfacadedantan.fr\/wp-content\/uploads\/2019\/10\/thumbnail_IMG_0955-1024x768.jpg\" class=\"attachment-large size-large\" alt=\"\" srcset=\"https:\/\/artetfacadedantan.fr\/wp-content\/uploads\/2019\/10\/thumbnail_IMG_0955-1024x768.jpg 1024w, https:\/\/artetfacadedantan.fr\/wp-content\/uploads\/2019\/10\/thumbnail_IMG_0955-300x225.jpg 300w, https:\/\/artetfacadedantan.fr\/wp-content\/uploads\/2019\/10\/thumbnail_IMG_0955-768x576.jpg 768w, https:\/\/artetfacadedantan.fr\/wp-content\/uploads\/2019\/10\/thumbnail_IMG_0955.jpg 1280w\" sizes=\"100vw\" \/><\/a>\n\t\t\t<\/div><\/figure><figure class='gallery-item'>\n\t\t\t<div class='gallery-icon landscape'>\n\t\t\t\t<a data-elementor-open-lightbox=\"yes\" data-elementor-lightbox-slideshow=\"8446098\" data-elementor-lightbox-title=\"thumbnail_IMG_0956\" data-e-action-hash=\"#elementor-action%3Aaction%3Dlightbox%26settings%3DeyJpZCI6NTYzLCJ1cmwiOiJodHRwczpcL1wvYXJ0ZXRmYWNhZGVkYW50YW4uZnJcL3dwLWNvbnRlbnRcL3VwbG9hZHNcLzIwMTlcLzEwXC90aHVtYm5haWxfSU1HXzA5NTYuanBnIiwic2xpZGVzaG93IjoiODQ0NjA5OCJ9\" href='https:\/\/artetfacadedantan.fr\/wp-content\/uploads\/2019\/10\/thumbnail_IMG_0956.jpg'><img loading=\"lazy\" decoding=\"async\" width=\"525\" height=\"394\" src=\"https:\/\/artetfacadedantan.fr\/wp-content\/uploads\/2019\/10\/thumbnail_IMG_0956-1024x768.jpg\" class=\"attachment-large size-large\" alt=\"\" srcset=\"https:\/\/artetfacadedantan.fr\/wp-content\/uploads\/2019\/10\/thumbnail_IMG_0956-1024x768.jpg 1024w, https:\/\/artetfacadedantan.fr\/wp-content\/uploads\/2019\/10\/thumbnail_IMG_0956-300x225.jpg 300w, https:\/\/artetfacadedantan.fr\/wp-content\/uploads\/2019\/10\/thumbnail_IMG_0956-768x576.jpg 768w, https:\/\/artetfacadedantan.fr\/wp-content\/uploads\/2019\/10\/thumbnail_IMG_0956.jpg 1280w\" sizes=\"100vw\" \/><\/a>\n\t\t\t<\/div><\/figure><figure class='gallery-item'>\n\t\t\t<div class='gallery-icon landscape'>\n\t\t\t\t<a data-elementor-open-lightbox=\"yes\" data-elementor-lightbox-slideshow=\"8446098\" data-elementor-lightbox-title=\"thumbnail_IMG_0957\" data-e-action-hash=\"#elementor-action%3Aaction%3Dlightbox%26settings%3DeyJpZCI6NTY0LCJ1cmwiOiJodHRwczpcL1wvYXJ0ZXRmYWNhZGVkYW50YW4uZnJcL3dwLWNvbnRlbnRcL3VwbG9hZHNcLzIwMTlcLzEwXC90aHVtYm5haWxfSU1HXzA5NTcuanBnIiwic2xpZGVzaG93IjoiODQ0NjA5OCJ9\" href='https:\/\/artetfacadedantan.fr\/wp-content\/uploads\/2019\/10\/thumbnail_IMG_0957.jpg'><img loading=\"lazy\" decoding=\"async\" width=\"525\" height=\"394\" src=\"https:\/\/artetfacadedantan.fr\/wp-content\/uploads\/2019\/10\/thumbnail_IMG_0957-1024x768.jpg\" class=\"attachment-large size-large\" alt=\"\" srcset=\"https:\/\/artetfacadedantan.fr\/wp-content\/uploads\/2019\/10\/thumbnail_IMG_0957-1024x768.jpg 1024w, https:\/\/artetfacadedantan.fr\/wp-content\/uploads\/2019\/10\/thumbnail_IMG_0957-300x225.jpg 300w, https:\/\/artetfacadedantan.fr\/wp-content\/uploads\/2019\/10\/thumbnail_IMG_0957-768x576.jpg 768w, https:\/\/artetfacadedantan.fr\/wp-content\/uploads\/2019\/10\/thumbnail_IMG_0957.jpg 1280w\" sizes=\"100vw\" \/><\/a>\n\t\t\t<\/div><\/figure><figure class='gallery-item'>\n\t\t\t<div class='gallery-icon landscape'>\n\t\t\t\t<a data-elementor-open-lightbox=\"yes\" data-elementor-lightbox-slideshow=\"8446098\" data-elementor-lightbox-title=\"thumbnail_IMG_0958\" data-e-action-hash=\"#elementor-action%3Aaction%3Dlightbox%26settings%3DeyJpZCI6NTY1LCJ1cmwiOiJodHRwczpcL1wvYXJ0ZXRmYWNhZGVkYW50YW4uZnJcL3dwLWNvbnRlbnRcL3VwbG9hZHNcLzIwMTlcLzEwXC90aHVtYm5haWxfSU1HXzA5NTguanBnIiwic2xpZGVzaG93IjoiODQ0NjA5OCJ9\" href='https:\/\/artetfacadedantan.fr\/wp-content\/uploads\/2019\/10\/thumbnail_IMG_0958.jpg'><img loading=\"lazy\" decoding=\"async\" width=\"525\" height=\"394\" src=\"https:\/\/artetfacadedantan.fr\/wp-content\/uploads\/2019\/10\/thumbnail_IMG_0958-1024x768.jpg\" class=\"attachment-large size-large\" alt=\"\" srcset=\"https:\/\/artetfacadedantan.fr\/wp-content\/uploads\/2019\/10\/thumbnail_IMG_0958-1024x768.jpg 1024w, https:\/\/artetfacadedantan.fr\/wp-content\/uploads\/2019\/10\/thumbnail_IMG_0958-300x225.jpg 300w, https:\/\/artetfacadedantan.fr\/wp-content\/uploads\/2019\/10\/thumbnail_IMG_0958-768x576.jpg 768w, https:\/\/artetfacadedantan.fr\/wp-content\/uploads\/2019\/10\/thumbnail_IMG_0958.jpg 1280w\" sizes=\"100vw\" \/><\/a>\n\t\t\t<\/div><\/figure><figure class='gallery-item'>\n\t\t\t<div class='gallery-icon landscape'>\n\t\t\t\t<a data-elementor-open-lightbox=\"yes\" data-elementor-lightbox-slideshow=\"8446098\" data-elementor-lightbox-title=\"thumbnail_IMG_1453\" data-e-action-hash=\"#elementor-action%3Aaction%3Dlightbox%26settings%3DeyJpZCI6NTcxLCJ1cmwiOiJodHRwczpcL1wvYXJ0ZXRmYWNhZGVkYW50YW4uZnJcL3dwLWNvbnRlbnRcL3VwbG9hZHNcLzIwMTlcLzEwXC90aHVtYm5haWxfSU1HXzE0NTMuanBnIiwic2xpZGVzaG93IjoiODQ0NjA5OCJ9\" href='https:\/\/artetfacadedantan.fr\/wp-content\/uploads\/2019\/10\/thumbnail_IMG_1453.jpg'><img loading=\"lazy\" decoding=\"async\" width=\"525\" height=\"394\" src=\"https:\/\/artetfacadedantan.fr\/wp-content\/uploads\/2019\/10\/thumbnail_IMG_1453-1024x768.jpg\" class=\"attachment-large size-large\" alt=\"\" srcset=\"https:\/\/artetfacadedantan.fr\/wp-content\/uploads\/2019\/10\/thumbnail_IMG_1453-1024x768.jpg 1024w, https:\/\/artetfacadedantan.fr\/wp-content\/uploads\/2019\/10\/thumbnail_IMG_1453-300x225.jpg 300w, https:\/\/artetfacadedantan.fr\/wp-content\/uploads\/2019\/10\/thumbnail_IMG_1453-768x576.jpg 768w, https:\/\/artetfacadedantan.fr\/wp-content\/uploads\/2019\/10\/thumbnail_IMG_1453.jpg 1280w\" sizes=\"100vw\" \/><\/a>\n\t\t\t<\/div><\/figure><figure class='gallery-item'>\n\t\t\t<div class='gallery-icon landscape'>\n\t\t\t\t<a data-elementor-open-lightbox=\"yes\" data-elementor-lightbox-slideshow=\"8446098\" data-elementor-lightbox-title=\"thumbnail_IMG_1454\" data-e-action-hash=\"#elementor-action%3Aaction%3Dlightbox%26settings%3DeyJpZCI6NTcyLCJ1cmwiOiJodHRwczpcL1wvYXJ0ZXRmYWNhZGVkYW50YW4uZnJcL3dwLWNvbnRlbnRcL3VwbG9hZHNcLzIwMTlcLzEwXC90aHVtYm5haWxfSU1HXzE0NTQuanBnIiwic2xpZGVzaG93IjoiODQ0NjA5OCJ9\" href='https:\/\/artetfacadedantan.fr\/wp-content\/uploads\/2019\/10\/thumbnail_IMG_1454.jpg'><img loading=\"lazy\" decoding=\"async\" width=\"525\" height=\"394\" src=\"https:\/\/artetfacadedantan.fr\/wp-content\/uploads\/2019\/10\/thumbnail_IMG_1454-1024x768.jpg\" class=\"attachment-large size-large\" alt=\"\" srcset=\"https:\/\/artetfacadedantan.fr\/wp-content\/uploads\/2019\/10\/thumbnail_IMG_1454-1024x768.jpg 1024w, https:\/\/artetfacadedantan.fr\/wp-content\/uploads\/2019\/10\/thumbnail_IMG_1454-300x225.jpg 300w, https:\/\/artetfacadedantan.fr\/wp-content\/uploads\/2019\/10\/thumbnail_IMG_1454-768x576.jpg 768w, https:\/\/artetfacadedantan.fr\/wp-content\/uploads\/2019\/10\/thumbnail_IMG_1454.jpg 1280w\" sizes=\"100vw\" \/><\/a>\n\t\t\t<\/div><\/figure><figure class='gallery-item'>\n\t\t\t<div class='gallery-icon landscape'>\n\t\t\t\t<a data-elementor-open-lightbox=\"yes\" data-elementor-lightbox-slideshow=\"8446098\" data-elementor-lightbox-title=\"thumbnail_IMG_1455\" data-e-action-hash=\"#elementor-action%3Aaction%3Dlightbox%26settings%3DeyJpZCI6NTczLCJ1cmwiOiJodHRwczpcL1wvYXJ0ZXRmYWNhZGVkYW50YW4uZnJcL3dwLWNvbnRlbnRcL3VwbG9hZHNcLzIwMTlcLzEwXC90aHVtYm5haWxfSU1HXzE0NTUuanBnIiwic2xpZGVzaG93IjoiODQ0NjA5OCJ9\" href='https:\/\/artetfacadedantan.fr\/wp-content\/uploads\/2019\/10\/thumbnail_IMG_1455.jpg'><img loading=\"lazy\" decoding=\"async\" width=\"525\" height=\"394\" src=\"https:\/\/artetfacadedantan.fr\/wp-content\/uploads\/2019\/10\/thumbnail_IMG_1455-1024x768.jpg\" class=\"attachment-large size-large\" alt=\"\" srcset=\"https:\/\/artetfacadedantan.fr\/wp-content\/uploads\/2019\/10\/thumbnail_IMG_1455-1024x768.jpg 1024w, https:\/\/artetfacadedantan.fr\/wp-content\/uploads\/2019\/10\/thumbnail_IMG_1455-300x225.jpg 300w, https:\/\/artetfacadedantan.fr\/wp-content\/uploads\/2019\/10\/thumbnail_IMG_1455-768x576.jpg 768w, https:\/\/artetfacadedantan.fr\/wp-content\/uploads\/2019\/10\/thumbnail_IMG_1455.jpg 1280w\" sizes=\"100vw\" \/><\/a>\n\t\t\t<\/div><\/figure><figure class='gallery-item'>\n\t\t\t<div class='gallery-icon landscape'>\n\t\t\t\t<a data-elementor-open-lightbox=\"yes\" data-elementor-lightbox-slideshow=\"8446098\" data-elementor-lightbox-title=\"thumbnail_IMG_1473\" data-e-action-hash=\"#elementor-action%3Aaction%3Dlightbox%26settings%3DeyJpZCI6NTc0LCJ1cmwiOiJodHRwczpcL1wvYXJ0ZXRmYWNhZGVkYW50YW4uZnJcL3dwLWNvbnRlbnRcL3VwbG9hZHNcLzIwMTlcLzEwXC90aHVtYm5haWxfSU1HXzE0NzMuanBnIiwic2xpZGVzaG93IjoiODQ0NjA5OCJ9\" href='https:\/\/artetfacadedantan.fr\/wp-content\/uploads\/2019\/10\/thumbnail_IMG_1473.jpg'><img loading=\"lazy\" decoding=\"async\" width=\"525\" height=\"394\" src=\"https:\/\/artetfacadedantan.fr\/wp-content\/uploads\/2019\/10\/thumbnail_IMG_1473-1024x768.jpg\" class=\"attachment-large size-large\" alt=\"\" srcset=\"https:\/\/artetfacadedantan.fr\/wp-content\/uploads\/2019\/10\/thumbnail_IMG_1473-1024x768.jpg 1024w, https:\/\/artetfacadedantan.fr\/wp-content\/uploads\/2019\/10\/thumbnail_IMG_1473-300x225.jpg 300w, https:\/\/artetfacadedantan.fr\/wp-content\/uploads\/2019\/10\/thumbnail_IMG_1473-768x576.jpg 768w, https:\/\/artetfacadedantan.fr\/wp-content\/uploads\/2019\/10\/thumbnail_IMG_1473.jpg 1280w\" sizes=\"100vw\" \/><\/a>\n\t\t\t<\/div><\/figure><figure class='gallery-item'>\n\t\t\t<div class='gallery-icon landscape'>\n\t\t\t\t<a data-elementor-open-lightbox=\"yes\" data-elementor-lightbox-slideshow=\"8446098\" data-elementor-lightbox-title=\"thumbnail_IMG_1474\" data-e-action-hash=\"#elementor-action%3Aaction%3Dlightbox%26settings%3DeyJpZCI6NTc1LCJ1cmwiOiJodHRwczpcL1wvYXJ0ZXRmYWNhZGVkYW50YW4uZnJcL3dwLWNvbnRlbnRcL3VwbG9hZHNcLzIwMTlcLzEwXC90aHVtYm5haWxfSU1HXzE0NzQuanBnIiwic2xpZGVzaG93IjoiODQ0NjA5OCJ9\" href='https:\/\/artetfacadedantan.fr\/wp-content\/uploads\/2019\/10\/thumbnail_IMG_1474.jpg'><img loading=\"lazy\" decoding=\"async\" width=\"525\" height=\"394\" src=\"https:\/\/artetfacadedantan.fr\/wp-content\/uploads\/2019\/10\/thumbnail_IMG_1474-1024x768.jpg\" class=\"attachment-large size-large\" alt=\"\" srcset=\"https:\/\/artetfacadedantan.fr\/wp-content\/uploads\/2019\/10\/thumbnail_IMG_1474-1024x768.jpg 1024w, https:\/\/artetfacadedantan.fr\/wp-content\/uploads\/2019\/10\/thumbnail_IMG_1474-300x225.jpg 300w, https:\/\/artetfacadedantan.fr\/wp-content\/uploads\/2019\/10\/thumbnail_IMG_1474-768x576.jpg 768w, https:\/\/artetfacadedantan.fr\/wp-content\/uploads\/2019\/10\/thumbnail_IMG_1474.jpg 1280w\" sizes=\"100vw\" \/><\/a>\n\t\t\t<\/div><\/figure>\n\t\t<\/div>\n\t\t<\/div>\n\t\t\t\t\t\t<\/div>\n\t\t\t\t<\/div>\n\t\t\t\t<div class=\"elementor-element elementor-element-ab6db81 elementor-widget elementor-widget-heading\" data-id=\"ab6db81\" data-element_type=\"widget\" data-widget_type=\"heading.default\">\n\t\t\t\t<div class=\"elementor-widget-container\">\n\t\t\t\t\t<h2 class=\"elementor-heading-title elementor-size-default\">VILLAS CONTEMPORAINES<\/h2>\t\t\t\t<\/div>\n\t\t\t\t<\/div>\n\t\t\t\t<div class=\"elementor-element elementor-element-f3070d4 elementor-widget-divider--view-line elementor-widget elementor-widget-divider\" data-id=\"f3070d4\" data-element_type=\"widget\" data-widget_type=\"divider.default\">\n\t\t\t\t<div class=\"elementor-widget-container\">\n\t\t\t\t\t\t\t<div class=\"elementor-divider\">\n\t\t\t<span class=\"elementor-divider-separator\">\n\t\t\t\t\t\t<\/span>\n\t\t<\/div>\n\t\t\t\t\t\t<\/div>\n\t\t\t\t<\/div>\n\t\t\t\t<div class=\"elementor-element elementor-element-336b8cb elementor-widget elementor-widget-image-gallery\" data-id=\"336b8cb\" data-element_type=\"widget\" data-widget_type=\"image-gallery.default\">\n\t\t\t\t<div class=\"elementor-widget-container\">\n\t\t\t\t\t\t\t<div class=\"elementor-image-gallery\">\n\t\t\t<div id='gallery-4' class='gallery galleryid-61 gallery-columns-2 gallery-size-large'><figure class='gallery-item'>\n\t\t\t<div class='gallery-icon landscape'>\n\t\t\t\t<a data-elementor-open-lightbox=\"yes\" data-elementor-lightbox-slideshow=\"336b8cb\" data-elementor-lightbox-title=\"Villa contemporaine\" data-e-action-hash=\"#elementor-action%3Aaction%3Dlightbox%26settings%3DeyJpZCI6MTIyLCJ1cmwiOiJodHRwczpcL1wvYXJ0ZXRmYWNhZGVkYW50YW4uZnJcL3dwLWNvbnRlbnRcL3VwbG9hZHNcLzIwMTlcLzEwXC9hcnRfZXRfZmFjYWRlX2RhbnRhbl9ib3VjYmVsYWlyLmpwZyIsInNsaWRlc2hvdyI6IjMzNmI4Y2IifQ%3D%3D\" href='https:\/\/artetfacadedantan.fr\/wp-content\/uploads\/2019\/10\/art_et_facade_dantan_boucbelair.jpg'><img loading=\"lazy\" decoding=\"async\" width=\"525\" height=\"394\" src=\"https:\/\/artetfacadedantan.fr\/wp-content\/uploads\/2019\/10\/art_et_facade_dantan_boucbelair-1024x768.jpg\" class=\"attachment-large size-large\" alt=\"\" srcset=\"https:\/\/artetfacadedantan.fr\/wp-content\/uploads\/2019\/10\/art_et_facade_dantan_boucbelair-1024x768.jpg 1024w, https:\/\/artetfacadedantan.fr\/wp-content\/uploads\/2019\/10\/art_et_facade_dantan_boucbelair-300x225.jpg 300w, https:\/\/artetfacadedantan.fr\/wp-content\/uploads\/2019\/10\/art_et_facade_dantan_boucbelair-768x576.jpg 768w\" sizes=\"100vw\" \/><\/a>\n\t\t\t<\/div><\/figure><figure class='gallery-item'>\n\t\t\t<div class='gallery-icon landscape'>\n\t\t\t\t<a data-elementor-open-lightbox=\"yes\" data-elementor-lightbox-slideshow=\"336b8cb\" data-elementor-lightbox-title=\"art-et-facades-d-antan-villas-contemporaines_03\" data-e-action-hash=\"#elementor-action%3Aaction%3Dlightbox%26settings%3DeyJpZCI6ODAsInVybCI6Imh0dHBzOlwvXC9hcnRldGZhY2FkZWRhbnRhbi5mclwvd3AtY29udGVudFwvdXBsb2Fkc1wvMjAxOVwvMDlcL2FydC1ldC1mYWNhZGVzLWQtYW50YW4tdmlsbGFzLWNvbnRlbXBvcmFpbmVzXzAzLmpwZyIsInNsaWRlc2hvdyI6IjMzNmI4Y2IifQ%3D%3D\" href='https:\/\/artetfacadedantan.fr\/wp-content\/uploads\/2019\/09\/art-et-facades-d-antan-villas-contemporaines_03.jpg'><img loading=\"lazy\" decoding=\"async\" width=\"525\" height=\"394\" src=\"https:\/\/artetfacadedantan.fr\/wp-content\/uploads\/2019\/09\/art-et-facades-d-antan-villas-contemporaines_03-1024x768.jpg\" class=\"attachment-large size-large\" alt=\"\" srcset=\"https:\/\/artetfacadedantan.fr\/wp-content\/uploads\/2019\/09\/art-et-facades-d-antan-villas-contemporaines_03-1024x768.jpg 1024w, https:\/\/artetfacadedantan.fr\/wp-content\/uploads\/2019\/09\/art-et-facades-d-antan-villas-contemporaines_03-300x225.jpg 300w, https:\/\/artetfacadedantan.fr\/wp-content\/uploads\/2019\/09\/art-et-facades-d-antan-villas-contemporaines_03-768x576.jpg 768w, https:\/\/artetfacadedantan.fr\/wp-content\/uploads\/2019\/09\/art-et-facades-d-antan-villas-contemporaines_03.jpg 1280w\" sizes=\"100vw\" \/><\/a>\n\t\t\t<\/div><\/figure>\n\t\t<\/div>\n\t\t<\/div>\n\t\t\t\t\t\t<\/div>\n\t\t\t\t<\/div>\n\t\t\t\t\t<\/div>\n\t\t<\/div>\n\t\t\t\t\t<\/div>\n\t\t<\/section>\n\t\t\t\t<\/div>\n\t\t","protected":false},"excerpt":{"rendered":"<p>PIERRE DE PAREMENT RENOVATIONS AVANT\/APRES MAISON TRADITIONNELLE GRATTE FIN VILLAS CONTEMPORAINES<\/p>\n","protected":false},"author":1,"featured_media":0,"parent":0,"menu_order":0,"comment_status":"closed","ping_status":"closed","template":"","meta":{"footnotes":""},"class_list":["post-61","page","type-page","status-publish","hentry"],"yoast_head":"<!-- This site is optimized with the Yoast SEO plugin v24.8.1 - https:\/\/yoast.com\/wordpress\/plugins\/seo\/ -->\n<title>Nos r\u00e9alisations &#8212; Fa\u00e7adier M\u00e9rindol<\/title>\n<meta name=\"description\" content=\"Nous r\u00e9novons vos mas, bastides et maison. Facadier de 18 ans d&#039;experience Steve Kessel r\u00e9alisera vos travaux de r\u00e9novation, de ravalement de facade et cr\u00e9ations d&#039;enduit de facade\" \/>\n<meta name=\"robots\" content=\"index, follow, max-snippet:-1, max-image-preview:large, max-video-preview:-1\" \/>\n<link rel=\"canonical\" href=\"https:\/\/artetfacadedantan.fr\/index.php\/nos-realisations\/\" \/>\n<meta property=\"og:locale\" content=\"fr_FR\" \/>\n<meta property=\"og:type\" content=\"article\" \/>\n<meta property=\"og:title\" content=\"Nos r\u00e9alisations &#8212; Fa\u00e7adier M\u00e9rindol\" \/>\n<meta property=\"og:description\" content=\"Nous r\u00e9novons vos mas, bastides et maison. Facadier de 18 ans d&#039;experience Steve Kessel r\u00e9alisera vos travaux de r\u00e9novation, de ravalement de facade et cr\u00e9ations d&#039;enduit de facade\" \/>\n<meta property=\"og:url\" content=\"https:\/\/artetfacadedantan.fr\/index.php\/nos-realisations\/\" \/>\n<meta property=\"og:site_name\" content=\"Fa\u00e7adier M\u00e9rindol\" \/>\n<meta property=\"article:publisher\" content=\"https:\/\/www.facebook.com\/art.facades.antan\/?__tn__=%2cd%2cP-R&amp;amp%3bamp%3bamp%3bamp%3bamp%3bamp%3bamp%3bamp%3bamp%3bamp%3bamp%3bamp%3bamp%3bamp%3bamp%3bamp%3bamp%3bamp%3bamp%3beid=ARDUnInvED819Dzw_q2KqbVZ_tkEvurR76KvHbzi0ZXQcbdkcu4AdLRGUkYZk0VL8co9fllvt1kGFYHb\" \/>\n<meta property=\"article:modified_time\" content=\"2020-03-31T12:55:29+00:00\" \/>\n<meta property=\"og:image\" content=\"https:\/\/artetfacadedantan.fr\/wp-content\/uploads\/2019\/09\/art-et-facades-d-antan-villas-contemporaines_02-1-1024x768.jpg\" \/>\n<meta name=\"twitter:card\" content=\"summary_large_image\" \/>\n<script type=\"application\/ld+json\" class=\"yoast-schema-graph\">{\"@context\":\"https:\/\/schema.org\",\"@graph\":[{\"@type\":\"WebPage\",\"@id\":\"https:\/\/artetfacadedantan.fr\/index.php\/nos-realisations\/\",\"url\":\"https:\/\/artetfacadedantan.fr\/index.php\/nos-realisations\/\",\"name\":\"Nos r\u00e9alisations &#8212; Fa\u00e7adier M\u00e9rindol\",\"isPartOf\":{\"@id\":\"https:\/\/artetfacadedantan.fr\/#website\"},\"primaryImageOfPage\":{\"@id\":\"https:\/\/artetfacadedantan.fr\/index.php\/nos-realisations\/#primaryimage\"},\"image\":{\"@id\":\"https:\/\/artetfacadedantan.fr\/index.php\/nos-realisations\/#primaryimage\"},\"thumbnailUrl\":\"https:\/\/artetfacadedantan.fr\/wp-content\/uploads\/2019\/09\/art-et-facades-d-antan-villas-contemporaines_02-1-1024x768.jpg\",\"datePublished\":\"2019-09-23T13:10:23+00:00\",\"dateModified\":\"2020-03-31T12:55:29+00:00\",\"description\":\"Nous r\u00e9novons vos mas, bastides et maison. Facadier de 18 ans d'experience Steve Kessel r\u00e9alisera vos travaux de r\u00e9novation, de ravalement de facade et cr\u00e9ations d'enduit de facade\",\"breadcrumb\":{\"@id\":\"https:\/\/artetfacadedantan.fr\/index.php\/nos-realisations\/#breadcrumb\"},\"inLanguage\":\"fr-FR\",\"potentialAction\":[{\"@type\":\"ReadAction\",\"target\":[\"https:\/\/artetfacadedantan.fr\/index.php\/nos-realisations\/\"]}]},{\"@type\":\"ImageObject\",\"inLanguage\":\"fr-FR\",\"@id\":\"https:\/\/artetfacadedantan.fr\/index.php\/nos-realisations\/#primaryimage\",\"url\":\"https:\/\/artetfacadedantan.fr\/wp-content\/uploads\/2019\/09\/art-et-facades-d-antan-villas-contemporaines_02-1.jpg\",\"contentUrl\":\"https:\/\/artetfacadedantan.fr\/wp-content\/uploads\/2019\/09\/art-et-facades-d-antan-villas-contemporaines_02-1.jpg\",\"width\":1280,\"height\":960},{\"@type\":\"BreadcrumbList\",\"@id\":\"https:\/\/artetfacadedantan.fr\/index.php\/nos-realisations\/#breadcrumb\",\"itemListElement\":[{\"@type\":\"ListItem\",\"position\":1,\"name\":\"Accueil\",\"item\":\"https:\/\/artetfacadedantan.fr\/\"},{\"@type\":\"ListItem\",\"position\":2,\"name\":\"Nos r\u00e9alisations\"}]},{\"@type\":\"WebSite\",\"@id\":\"https:\/\/artetfacadedantan.fr\/#website\",\"url\":\"https:\/\/artetfacadedantan.fr\/\",\"name\":\"Art et Fa\u00e7ades d'antan\",\"description\":\"Artisan fa\u00e7adier depuis 2001\",\"publisher\":{\"@id\":\"https:\/\/artetfacadedantan.fr\/#organization\"},\"potentialAction\":[{\"@type\":\"SearchAction\",\"target\":{\"@type\":\"EntryPoint\",\"urlTemplate\":\"https:\/\/artetfacadedantan.fr\/?s={search_term_string}\"},\"query-input\":{\"@type\":\"PropertyValueSpecification\",\"valueRequired\":true,\"valueName\":\"search_term_string\"}}],\"inLanguage\":\"fr-FR\"},{\"@type\":\"Organization\",\"@id\":\"https:\/\/artetfacadedantan.fr\/#organization\",\"name\":\"Art et fa\u00e7ades d'antan\",\"url\":\"https:\/\/artetfacadedantan.fr\/\",\"logo\":{\"@type\":\"ImageObject\",\"inLanguage\":\"fr-FR\",\"@id\":\"https:\/\/artetfacadedantan.fr\/#\/schema\/logo\/image\/\",\"url\":\"https:\/\/artetfacadedantan.fr\/wp-content\/uploads\/2019\/09\/art-et-facades-d-antan-acceuil_02.jpg\",\"contentUrl\":\"https:\/\/artetfacadedantan.fr\/wp-content\/uploads\/2019\/09\/art-et-facades-d-antan-acceuil_02.jpg\",\"width\":1280,\"height\":960,\"caption\":\"Art et fa\u00e7ades d'antan\"},\"image\":{\"@id\":\"https:\/\/artetfacadedantan.fr\/#\/schema\/logo\/image\/\"},\"sameAs\":[\"https:\/\/www.facebook.com\/art.facades.antan\/?__tn__=,d,P-R&amp;amp;amp;amp;amp;amp;amp;amp;amp;amp;amp;amp;amp;amp;amp;amp;amp;amp;amp;eid=ARDUnInvED819Dzw_q2KqbVZ_tkEvurR76KvHbzi0ZXQcbdkcu4AdLRGUkYZk0VL8co9fllvt1kGFYHb\",\"https:\/\/www.instagram.com\/art.et.facade.dantan\/\"]}]}<\/script>\n<!-- \/ Yoast SEO plugin. -->","yoast_head_json":{"title":"Nos r\u00e9alisations &#8212; Fa\u00e7adier M\u00e9rindol","description":"Nous r\u00e9novons vos mas, bastides et maison. Facadier de 18 ans d'experience Steve Kessel r\u00e9alisera vos travaux de r\u00e9novation, de ravalement de facade et cr\u00e9ations d'enduit de facade","robots":{"index":"index","follow":"follow","max-snippet":"max-snippet:-1","max-image-preview":"max-image-preview:large","max-video-preview":"max-video-preview:-1"},"canonical":"https:\/\/artetfacadedantan.fr\/index.php\/nos-realisations\/","og_locale":"fr_FR","og_type":"article","og_title":"Nos r\u00e9alisations &#8212; Fa\u00e7adier M\u00e9rindol","og_description":"Nous r\u00e9novons vos mas, bastides et maison. Facadier de 18 ans d'experience Steve Kessel r\u00e9alisera vos travaux de r\u00e9novation, de ravalement de facade et cr\u00e9ations d'enduit de facade","og_url":"https:\/\/artetfacadedantan.fr\/index.php\/nos-realisations\/","og_site_name":"Fa\u00e7adier M\u00e9rindol","article_publisher":"https:\/\/www.facebook.com\/art.facades.antan\/?__tn__=%2cd%2cP-R&amp%3bamp%3bamp%3bamp%3bamp%3bamp%3bamp%3bamp%3bamp%3bamp%3bamp%3bamp%3bamp%3bamp%3bamp%3bamp%3bamp%3bamp%3bamp%3beid=ARDUnInvED819Dzw_q2KqbVZ_tkEvurR76KvHbzi0ZXQcbdkcu4AdLRGUkYZk0VL8co9fllvt1kGFYHb","article_modified_time":"2020-03-31T12:55:29+00:00","og_image":[{"url":"https:\/\/artetfacadedantan.fr\/wp-content\/uploads\/2019\/09\/art-et-facades-d-antan-villas-contemporaines_02-1-1024x768.jpg","type":"","width":"","height":""}],"twitter_card":"summary_large_image","schema":{"@context":"https:\/\/schema.org","@graph":[{"@type":"WebPage","@id":"https:\/\/artetfacadedantan.fr\/index.php\/nos-realisations\/","url":"https:\/\/artetfacadedantan.fr\/index.php\/nos-realisations\/","name":"Nos r\u00e9alisations &#8212; Fa\u00e7adier M\u00e9rindol","isPartOf":{"@id":"https:\/\/artetfacadedantan.fr\/#website"},"primaryImageOfPage":{"@id":"https:\/\/artetfacadedantan.fr\/index.php\/nos-realisations\/#primaryimage"},"image":{"@id":"https:\/\/artetfacadedantan.fr\/index.php\/nos-realisations\/#primaryimage"},"thumbnailUrl":"https:\/\/artetfacadedantan.fr\/wp-content\/uploads\/2019\/09\/art-et-facades-d-antan-villas-contemporaines_02-1-1024x768.jpg","datePublished":"2019-09-23T13:10:23+00:00","dateModified":"2020-03-31T12:55:29+00:00","description":"Nous r\u00e9novons vos mas, bastides et maison. Facadier de 18 ans d'experience Steve Kessel r\u00e9alisera vos travaux de r\u00e9novation, de ravalement de facade et cr\u00e9ations d'enduit de facade","breadcrumb":{"@id":"https:\/\/artetfacadedantan.fr\/index.php\/nos-realisations\/#breadcrumb"},"inLanguage":"fr-FR","potentialAction":[{"@type":"ReadAction","target":["https:\/\/artetfacadedantan.fr\/index.php\/nos-realisations\/"]}]},{"@type":"ImageObject","inLanguage":"fr-FR","@id":"https:\/\/artetfacadedantan.fr\/index.php\/nos-realisations\/#primaryimage","url":"https:\/\/artetfacadedantan.fr\/wp-content\/uploads\/2019\/09\/art-et-facades-d-antan-villas-contemporaines_02-1.jpg","contentUrl":"https:\/\/artetfacadedantan.fr\/wp-content\/uploads\/2019\/09\/art-et-facades-d-antan-villas-contemporaines_02-1.jpg","width":1280,"height":960},{"@type":"BreadcrumbList","@id":"https:\/\/artetfacadedantan.fr\/index.php\/nos-realisations\/#breadcrumb","itemListElement":[{"@type":"ListItem","position":1,"name":"Accueil","item":"https:\/\/artetfacadedantan.fr\/"},{"@type":"ListItem","position":2,"name":"Nos r\u00e9alisations"}]},{"@type":"WebSite","@id":"https:\/\/artetfacadedantan.fr\/#website","url":"https:\/\/artetfacadedantan.fr\/","name":"Art et Fa\u00e7ades d'antan","description":"Artisan fa\u00e7adier depuis 2001","publisher":{"@id":"https:\/\/artetfacadedantan.fr\/#organization"},"potentialAction":[{"@type":"SearchAction","target":{"@type":"EntryPoint","urlTemplate":"https:\/\/artetfacadedantan.fr\/?s={search_term_string}"},"query-input":{"@type":"PropertyValueSpecification","valueRequired":true,"valueName":"search_term_string"}}],"inLanguage":"fr-FR"},{"@type":"Organization","@id":"https:\/\/artetfacadedantan.fr\/#organization","name":"Art et fa\u00e7ades d'antan","url":"https:\/\/artetfacadedantan.fr\/","logo":{"@type":"ImageObject","inLanguage":"fr-FR","@id":"https:\/\/artetfacadedantan.fr\/#\/schema\/logo\/image\/","url":"https:\/\/artetfacadedantan.fr\/wp-content\/uploads\/2019\/09\/art-et-facades-d-antan-acceuil_02.jpg","contentUrl":"https:\/\/artetfacadedantan.fr\/wp-content\/uploads\/2019\/09\/art-et-facades-d-antan-acceuil_02.jpg","width":1280,"height":960,"caption":"Art et fa\u00e7ades d'antan"},"image":{"@id":"https:\/\/artetfacadedantan.fr\/#\/schema\/logo\/image\/"},"sameAs":["https:\/\/www.facebook.com\/art.facades.antan\/?__tn__=,d,P-R&amp;amp;amp;amp;amp;amp;amp;amp;amp;amp;amp;amp;amp;amp;amp;amp;amp;amp;amp;eid=ARDUnInvED819Dzw_q2KqbVZ_tkEvurR76KvHbzi0ZXQcbdkcu4AdLRGUkYZk0VL8co9fllvt1kGFYHb","https:\/\/www.instagram.com\/art.et.facade.dantan\/"]}]}},"_links":{"self":[{"href":"https:\/\/artetfacadedantan.fr\/index.php\/wp-json\/wp\/v2\/pages\/61","targetHints":{"allow":["GET"]}}],"collection":[{"href":"https:\/\/artetfacadedantan.fr\/index.php\/wp-json\/wp\/v2\/pages"}],"about":[{"href":"https:\/\/artetfacadedantan.fr\/index.php\/wp-json\/wp\/v2\/types\/page"}],"author":[{"embeddable":true,"href":"https:\/\/artetfacadedantan.fr\/index.php\/wp-json\/wp\/v2\/users\/1"}],"replies":[{"embeddable":true,"href":"https:\/\/artetfacadedantan.fr\/index.php\/wp-json\/wp\/v2\/comments?post=61"}],"version-history":[{"count":14,"href":"https:\/\/artetfacadedantan.fr\/index.php\/wp-json\/wp\/v2\/pages\/61\/revisions"}],"predecessor-version":[{"id":577,"href":"https:\/\/artetfacadedantan.fr\/index.php\/wp-json\/wp\/v2\/pages\/61\/revisions\/577"}],"wp:attachment":[{"href":"https:\/\/artetfacadedantan.fr\/index.php\/wp-json\/wp\/v2\/media?parent=61"}],"curies":[{"name":"wp","href":"https:\/\/api.w.org\/{rel}","templated":true}]}}