{"id":51,"date":"2019-09-23T14:30:14","date_gmt":"2019-09-23T12:30:14","guid":{"rendered":"http:\/\/artetfacadedantan.com\/?page_id=51"},"modified":"2022-11-15T09:51:20","modified_gmt":"2022-11-15T08:51:20","slug":"a-propos-de-nous","status":"publish","type":"page","link":"https:\/\/artetfacadedantan.fr\/index.php\/a-propos-de-nous\/","title":{"rendered":"\u00c0 propos de nous"},"content":{"rendered":"\t\t<div data-elementor-type=\"wp-page\" data-elementor-id=\"51\" class=\"elementor elementor-51\">\n\t\t\t\t\t\t<section class=\"elementor-section elementor-top-section elementor-element elementor-element-66044137 elementor-section-boxed elementor-section-height-default elementor-section-height-default\" data-id=\"66044137\" data-element_type=\"section\">\n\t\t\t\t\t\t<div class=\"elementor-container elementor-column-gap-default\">\n\t\t\t\t\t<div class=\"elementor-column elementor-col-100 elementor-top-column elementor-element elementor-element-61e972b9\" data-id=\"61e972b9\" data-element_type=\"column\">\n\t\t\t<div class=\"elementor-widget-wrap elementor-element-populated\">\n\t\t\t\t\t\t<div class=\"elementor-element elementor-element-54fed23b elementor-widget elementor-widget-text-editor\" data-id=\"54fed23b\" data-element_type=\"widget\" data-widget_type=\"text-editor.default\">\n\t\t\t\t<div class=\"elementor-widget-container\">\n\t\t\t\t\t\t\t\t\t<h1>Fa\u00e7adier sp\u00e9cialiste de la r\u00e9novation et du ravalement de fa\u00e7ade<\/h1><p>Art et Fa\u00e7ade d\u2019Antan est une entreprise de r\u00e9novation, de ravalement de fa\u00e7ade et de travaux d\u2019isolation thermique par l\u2019ext\u00e9rieur avec un syst\u00e8me de pose ma\u00eetris\u00e9. \u00a0Cr\u00e9\u00e9 par Steve Kessel, fa\u00e7adier, de 22 ans d\u2019exp\u00e9riences.<\/p>\t\t\t\t\t\t\t\t<\/div>\n\t\t\t\t<\/div>\n\t\t\t\t\t<\/div>\n\t\t<\/div>\n\t\t\t\t\t<\/div>\n\t\t<\/section>\n\t\t\t\t<\/div>\n\t\t","protected":false},"excerpt":{"rendered":"<p>Fa\u00e7adier sp\u00e9cialiste de la r\u00e9novation et du ravalement de fa\u00e7ade Art et Fa\u00e7ade d\u2019Antan est une entreprise de r\u00e9novation, de ravalement de fa\u00e7ade et de travaux d\u2019isolation thermique par l\u2019ext\u00e9rieur avec un syst\u00e8me de pose ma\u00eetris\u00e9. \u00a0Cr\u00e9\u00e9 par Steve Kessel, fa\u00e7adier, de 22 ans d\u2019exp\u00e9riences.<\/p>\n","protected":false},"author":1,"featured_media":0,"parent":0,"menu_order":0,"comment_status":"closed","ping_status":"closed","template":"","meta":{"footnotes":""},"class_list":["post-51","page","type-page","status-publish","hentry"],"yoast_head":"<!-- This site is optimized with the Yoast SEO plugin v24.8.1 - https:\/\/yoast.com\/wordpress\/plugins\/seo\/ -->\n<title>\u00c0 propos de nous &#8212; Fa\u00e7adier M\u00e9rindol<\/title>\n<meta name=\"description\" content=\"Art et Fa\u00e7ade d\u2019Antan est une entreprise de r\u00e9novation, de ravalement de fa\u00e7ade et de travaux d\u2019isolation thermique par l\u2019ext\u00e9rieur avec un syst\u00e8me de pose ma\u00eetris\u00e9. \u00a0Cr\u00e9\u00e9 par Steve Kessel, fa\u00e7adier, de 17 ans d\u2019exp\u00e9riences.\" \/>\n<meta name=\"robots\" content=\"index, follow, max-snippet:-1, max-image-preview:large, max-video-preview:-1\" \/>\n<link rel=\"canonical\" href=\"https:\/\/artetfacadedantan.fr\/index.php\/a-propos-de-nous\/\" \/>\n<meta property=\"og:locale\" content=\"fr_FR\" \/>\n<meta property=\"og:type\" content=\"article\" \/>\n<meta property=\"og:title\" content=\"facadier salon de provence\" \/>\n<meta property=\"og:description\" content=\"Art et Fa\u00e7ade d\u2019Antan est une entreprise de r\u00e9novation, de ravalement de fa\u00e7ade et de travaux d\u2019isolation thermique par l\u2019ext\u00e9rieur avec un syst\u00e8me de pose ma\u00eetris\u00e9. \u00a0Cr\u00e9\u00e9 par Steve Kessel, fa\u00e7adier, de 17 ans d\u2019exp\u00e9riences.\" \/>\n<meta property=\"og:url\" content=\"https:\/\/artetfacadedantan.fr\/index.php\/a-propos-de-nous\/\" \/>\n<meta property=\"og:site_name\" content=\"Fa\u00e7adier M\u00e9rindol\" \/>\n<meta property=\"article:publisher\" content=\"https:\/\/www.facebook.com\/art.facades.antan\/?__tn__=%2cd%2cP-R&amp;amp%3bamp%3bamp%3bamp%3bamp%3bamp%3bamp%3bamp%3bamp%3bamp%3bamp%3bamp%3bamp%3bamp%3bamp%3bamp%3bamp%3bamp%3bamp%3beid=ARDUnInvED819Dzw_q2KqbVZ_tkEvurR76KvHbzi0ZXQcbdkcu4AdLRGUkYZk0VL8co9fllvt1kGFYHb\" \/>\n<meta property=\"article:modified_time\" content=\"2022-11-15T08:51:20+00:00\" \/>\n<meta property=\"og:image\" content=\"https:\/\/artetfacadedantan.fr\/wp-content\/uploads\/2019\/09\/art-et-facades-d-antan-villas-contemporaines_01-1.jpg\" \/>\n\t<meta property=\"og:image:width\" content=\"1280\" \/>\n\t<meta property=\"og:image:height\" content=\"960\" \/>\n\t<meta property=\"og:image:type\" content=\"image\/jpeg\" \/>\n<meta name=\"twitter:card\" content=\"summary_large_image\" \/>\n<meta name=\"twitter:label1\" content=\"Dur\u00e9e de lecture estim\u00e9e\" \/>\n\t<meta name=\"twitter:data1\" content=\"1 minute\" \/>\n<script type=\"application\/ld+json\" class=\"yoast-schema-graph\">{\"@context\":\"https:\/\/schema.org\",\"@graph\":[{\"@type\":\"WebPage\",\"@id\":\"https:\/\/artetfacadedantan.fr\/index.php\/a-propos-de-nous\/\",\"url\":\"https:\/\/artetfacadedantan.fr\/index.php\/a-propos-de-nous\/\",\"name\":\"\u00c0 propos de nous &#8212; Fa\u00e7adier M\u00e9rindol\",\"isPartOf\":{\"@id\":\"https:\/\/artetfacadedantan.fr\/#website\"},\"datePublished\":\"2019-09-23T12:30:14+00:00\",\"dateModified\":\"2022-11-15T08:51:20+00:00\",\"description\":\"Art et Fa\u00e7ade d\u2019Antan est une entreprise de r\u00e9novation, de ravalement de fa\u00e7ade et de travaux d\u2019isolation thermique par l\u2019ext\u00e9rieur avec un syst\u00e8me de pose ma\u00eetris\u00e9. \u00a0Cr\u00e9\u00e9 par Steve Kessel, fa\u00e7adier, de 17 ans d\u2019exp\u00e9riences.\",\"breadcrumb\":{\"@id\":\"https:\/\/artetfacadedantan.fr\/index.php\/a-propos-de-nous\/#breadcrumb\"},\"inLanguage\":\"fr-FR\",\"potentialAction\":[{\"@type\":\"ReadAction\",\"target\":[\"https:\/\/artetfacadedantan.fr\/index.php\/a-propos-de-nous\/\"]}]},{\"@type\":\"BreadcrumbList\",\"@id\":\"https:\/\/artetfacadedantan.fr\/index.php\/a-propos-de-nous\/#breadcrumb\",\"itemListElement\":[{\"@type\":\"ListItem\",\"position\":1,\"name\":\"Accueil\",\"item\":\"https:\/\/artetfacadedantan.fr\/\"},{\"@type\":\"ListItem\",\"position\":2,\"name\":\"\u00c0 propos de nous\"}]},{\"@type\":\"WebSite\",\"@id\":\"https:\/\/artetfacadedantan.fr\/#website\",\"url\":\"https:\/\/artetfacadedantan.fr\/\",\"name\":\"Art et Fa\u00e7ades d'antan\",\"description\":\"Artisan fa\u00e7adier depuis 2001\",\"publisher\":{\"@id\":\"https:\/\/artetfacadedantan.fr\/#organization\"},\"potentialAction\":[{\"@type\":\"SearchAction\",\"target\":{\"@type\":\"EntryPoint\",\"urlTemplate\":\"https:\/\/artetfacadedantan.fr\/?s={search_term_string}\"},\"query-input\":{\"@type\":\"PropertyValueSpecification\",\"valueRequired\":true,\"valueName\":\"search_term_string\"}}],\"inLanguage\":\"fr-FR\"},{\"@type\":\"Organization\",\"@id\":\"https:\/\/artetfacadedantan.fr\/#organization\",\"name\":\"Art et fa\u00e7ades d'antan\",\"url\":\"https:\/\/artetfacadedantan.fr\/\",\"logo\":{\"@type\":\"ImageObject\",\"inLanguage\":\"fr-FR\",\"@id\":\"https:\/\/artetfacadedantan.fr\/#\/schema\/logo\/image\/\",\"url\":\"https:\/\/artetfacadedantan.fr\/wp-content\/uploads\/2019\/09\/art-et-facades-d-antan-acceuil_02.jpg\",\"contentUrl\":\"https:\/\/artetfacadedantan.fr\/wp-content\/uploads\/2019\/09\/art-et-facades-d-antan-acceuil_02.jpg\",\"width\":1280,\"height\":960,\"caption\":\"Art et fa\u00e7ades d'antan\"},\"image\":{\"@id\":\"https:\/\/artetfacadedantan.fr\/#\/schema\/logo\/image\/\"},\"sameAs\":[\"https:\/\/www.facebook.com\/art.facades.antan\/?__tn__=,d,P-R&amp;amp;amp;amp;amp;amp;amp;amp;amp;amp;amp;amp;amp;amp;amp;amp;amp;amp;amp;eid=ARDUnInvED819Dzw_q2KqbVZ_tkEvurR76KvHbzi0ZXQcbdkcu4AdLRGUkYZk0VL8co9fllvt1kGFYHb\",\"https:\/\/www.instagram.com\/art.et.facade.dantan\/\"]}]}<\/script>\n<!-- \/ Yoast SEO plugin. -->","yoast_head_json":{"title":"\u00c0 propos de nous &#8212; Fa\u00e7adier M\u00e9rindol","description":"Art et Fa\u00e7ade d\u2019Antan est une entreprise de r\u00e9novation, de ravalement de fa\u00e7ade et de travaux d\u2019isolation thermique par l\u2019ext\u00e9rieur avec un syst\u00e8me de pose ma\u00eetris\u00e9. \u00a0Cr\u00e9\u00e9 par Steve Kessel, fa\u00e7adier, de 17 ans d\u2019exp\u00e9riences.","robots":{"index":"index","follow":"follow","max-snippet":"max-snippet:-1","max-image-preview":"max-image-preview:large","max-video-preview":"max-video-preview:-1"},"canonical":"https:\/\/artetfacadedantan.fr\/index.php\/a-propos-de-nous\/","og_locale":"fr_FR","og_type":"article","og_title":"facadier salon de provence","og_description":"Art et Fa\u00e7ade d\u2019Antan est une entreprise de r\u00e9novation, de ravalement de fa\u00e7ade et de travaux d\u2019isolation thermique par l\u2019ext\u00e9rieur avec un syst\u00e8me de pose ma\u00eetris\u00e9. \u00a0Cr\u00e9\u00e9 par Steve Kessel, fa\u00e7adier, de 17 ans d\u2019exp\u00e9riences.","og_url":"https:\/\/artetfacadedantan.fr\/index.php\/a-propos-de-nous\/","og_site_name":"Fa\u00e7adier M\u00e9rindol","article_publisher":"https:\/\/www.facebook.com\/art.facades.antan\/?__tn__=%2cd%2cP-R&amp%3bamp%3bamp%3bamp%3bamp%3bamp%3bamp%3bamp%3bamp%3bamp%3bamp%3bamp%3bamp%3bamp%3bamp%3bamp%3bamp%3bamp%3bamp%3beid=ARDUnInvED819Dzw_q2KqbVZ_tkEvurR76KvHbzi0ZXQcbdkcu4AdLRGUkYZk0VL8co9fllvt1kGFYHb","article_modified_time":"2022-11-15T08:51:20+00:00","og_image":[{"width":1280,"height":960,"url":"https:\/\/artetfacadedantan.fr\/wp-content\/uploads\/2019\/09\/art-et-facades-d-antan-villas-contemporaines_01-1.jpg","type":"image\/jpeg"}],"twitter_card":"summary_large_image","twitter_misc":{"Dur\u00e9e de lecture estim\u00e9e":"1 minute"},"schema":{"@context":"https:\/\/schema.org","@graph":[{"@type":"WebPage","@id":"https:\/\/artetfacadedantan.fr\/index.php\/a-propos-de-nous\/","url":"https:\/\/artetfacadedantan.fr\/index.php\/a-propos-de-nous\/","name":"\u00c0 propos de nous &#8212; Fa\u00e7adier M\u00e9rindol","isPartOf":{"@id":"https:\/\/artetfacadedantan.fr\/#website"},"datePublished":"2019-09-23T12:30:14+00:00","dateModified":"2022-11-15T08:51:20+00:00","description":"Art et Fa\u00e7ade d\u2019Antan est une entreprise de r\u00e9novation, de ravalement de fa\u00e7ade et de travaux d\u2019isolation thermique par l\u2019ext\u00e9rieur avec un syst\u00e8me de pose ma\u00eetris\u00e9. \u00a0Cr\u00e9\u00e9 par Steve Kessel, fa\u00e7adier, de 17 ans d\u2019exp\u00e9riences.","breadcrumb":{"@id":"https:\/\/artetfacadedantan.fr\/index.php\/a-propos-de-nous\/#breadcrumb"},"inLanguage":"fr-FR","potentialAction":[{"@type":"ReadAction","target":["https:\/\/artetfacadedantan.fr\/index.php\/a-propos-de-nous\/"]}]},{"@type":"BreadcrumbList","@id":"https:\/\/artetfacadedantan.fr\/index.php\/a-propos-de-nous\/#breadcrumb","itemListElement":[{"@type":"ListItem","position":1,"name":"Accueil","item":"https:\/\/artetfacadedantan.fr\/"},{"@type":"ListItem","position":2,"name":"\u00c0 propos de nous"}]},{"@type":"WebSite","@id":"https:\/\/artetfacadedantan.fr\/#website","url":"https:\/\/artetfacadedantan.fr\/","name":"Art et Fa\u00e7ades d'antan","description":"Artisan fa\u00e7adier depuis 2001","publisher":{"@id":"https:\/\/artetfacadedantan.fr\/#organization"},"potentialAction":[{"@type":"SearchAction","target":{"@type":"EntryPoint","urlTemplate":"https:\/\/artetfacadedantan.fr\/?s={search_term_string}"},"query-input":{"@type":"PropertyValueSpecification","valueRequired":true,"valueName":"search_term_string"}}],"inLanguage":"fr-FR"},{"@type":"Organization","@id":"https:\/\/artetfacadedantan.fr\/#organization","name":"Art et fa\u00e7ades d'antan","url":"https:\/\/artetfacadedantan.fr\/","logo":{"@type":"ImageObject","inLanguage":"fr-FR","@id":"https:\/\/artetfacadedantan.fr\/#\/schema\/logo\/image\/","url":"https:\/\/artetfacadedantan.fr\/wp-content\/uploads\/2019\/09\/art-et-facades-d-antan-acceuil_02.jpg","contentUrl":"https:\/\/artetfacadedantan.fr\/wp-content\/uploads\/2019\/09\/art-et-facades-d-antan-acceuil_02.jpg","width":1280,"height":960,"caption":"Art et fa\u00e7ades d'antan"},"image":{"@id":"https:\/\/artetfacadedantan.fr\/#\/schema\/logo\/image\/"},"sameAs":["https:\/\/www.facebook.com\/art.facades.antan\/?__tn__=,d,P-R&amp;amp;amp;amp;amp;amp;amp;amp;amp;amp;amp;amp;amp;amp;amp;amp;amp;amp;amp;eid=ARDUnInvED819Dzw_q2KqbVZ_tkEvurR76KvHbzi0ZXQcbdkcu4AdLRGUkYZk0VL8co9fllvt1kGFYHb","https:\/\/www.instagram.com\/art.et.facade.dantan\/"]}]}},"_links":{"self":[{"href":"https:\/\/artetfacadedantan.fr\/index.php\/wp-json\/wp\/v2\/pages\/51","targetHints":{"allow":["GET"]}}],"collection":[{"href":"https:\/\/artetfacadedantan.fr\/index.php\/wp-json\/wp\/v2\/pages"}],"about":[{"href":"https:\/\/artetfacadedantan.fr\/index.php\/wp-json\/wp\/v2\/types\/page"}],"author":[{"embeddable":true,"href":"https:\/\/artetfacadedantan.fr\/index.php\/wp-json\/wp\/v2\/users\/1"}],"replies":[{"embeddable":true,"href":"https:\/\/artetfacadedantan.fr\/index.php\/wp-json\/wp\/v2\/comments?post=51"}],"version-history":[{"count":5,"href":"https:\/\/artetfacadedantan.fr\/index.php\/wp-json\/wp\/v2\/pages\/51\/revisions"}],"predecessor-version":[{"id":1330,"href":"https:\/\/artetfacadedantan.fr\/index.php\/wp-json\/wp\/v2\/pages\/51\/revisions\/1330"}],"wp:attachment":[{"href":"https:\/\/artetfacadedantan.fr\/index.php\/wp-json\/wp\/v2\/media?parent=51"}],"curies":[{"name":"wp","href":"https:\/\/api.w.org\/{rel}","templated":true}]}}