{"id":10,"date":"2019-09-23T13:23:58","date_gmt":"2019-09-23T11:23:58","guid":{"rendered":"http:\/\/artetfacadedantan.com\/?page_id=10"},"modified":"2024-11-19T12:24:50","modified_gmt":"2024-11-19T11:24:50","slug":"contact","status":"publish","type":"page","link":"https:\/\/artetfacadedantan.fr\/index.php\/contact\/","title":{"rendered":"Contact\/Devis"},"content":{"rendered":"<h1>Steve Kessel<\/h1>\n\n\n<p>Tel: 06 72 45 75 30 \/ 04 90 72 26 79<\/p>\n\n\n\n<p>Mail: art.facade.dantan13300@gmail.com<\/p>\n\n\n\n<p>\u00ab\u00a0Pour toute demande de Devis, n&rsquo;h\u00e9sitez pas \u00e0 nous contacter en remplissant le formulaire ci-dessous\u00a0\u00bb<\/p>\n\n\n\n<p><\/p>\n\n\n<div class=\"everest-forms\"><div class=\"evf-container default\" id=\"evf-1239\"><form id=\"evf-form-1239\" class=\"everest-form\" data-formid=\"1239\" data-ajax_submission=\"0\" data-keyboard_friendly_form=\"0\" method=\"post\" enctype=\"multipart\/form-data\" action=\"\/index.php\/wp-json\/wp\/v2\/pages\/10\"><div class=\"evf-field-container\"><input type=\"hidden\" id=\"_wpnonce1239\" name=\"_wpnonce1239\" value=\"2adc8dc5e6\" \/><input type=\"hidden\" name=\"_wp_http_referer\" value=\"\/index.php\/wp-json\/wp\/v2\/pages\/10\" \/><input type='hidden' id='evf_submission_start_time' name='evf_submission_start_time'\/><div class=\"evf-frontend-row\" data-row=\"row_1\" conditional_rules=\"[]\"><div class=\"evf-frontend-grid evf-grid-1\" data-grid=\"grid_1\"><div id=\"evf-1239-field_ys0GeZISRs-1-container\" class=\"evf-field evf-field-first-name form-row validate-required\" data-required-field-message=\"This field is required.\" data-field-id=\"ys0GeZISRs-1\"><label class=\"evf-field-label\" for=\"evf-1239-field_ys0GeZISRs-1\"><span class=\"evf-label\">Nom et Pr\u00e9nom<\/span> <abbr class=\"required\" title=\"N\u00e9cessaire\">*<\/abbr><\/label><input type=\"text\" id=\"evf-1239-field_ys0GeZISRs-1\" class=\"input-text\" name=\"everest_forms[form_fields][ys0GeZISRs-1]\" required><\/div><div id=\"evf-1239-field_qLddEE7V2w-5-container\" class=\"evf-field evf-field-number form-row validate-required\" data-required-field-message=\"Please enter a valid number.\" data-field-id=\"qLddEE7V2w-5\"><label class=\"evf-field-label\" for=\"evf-1239-field_qLddEE7V2w-5\"><span class=\"evf-label\">Num\u00e9ro de t\u00e9l\u00e9phone<\/span> <abbr class=\"required\" title=\"N\u00e9cessaire\">*<\/abbr><\/label><input type=\"number\" id=\"evf-1239-field_qLddEE7V2w-5\" class=\"input-text\" name=\"everest_forms[form_fields][qLddEE7V2w-5]\" step=\"1\" required\/><\/div><div id=\"evf-1239-field_LbH5NxasXM-2-container\" class=\"evf-field evf-field-email form-row validate-required validate-email\" data-required-field-message=\"Please enter a valid email address.\" data-field-id=\"LbH5NxasXM-2\"><label class=\"evf-field-label\" for=\"evf-1239-field_LbH5NxasXM-2\"><span class=\"evf-label\">Email<\/span> <abbr class=\"required\" title=\"N\u00e9cessaire\">*<\/abbr><\/label><input type=\"email\" id=\"evf-1239-field_LbH5NxasXM-2\" class=\"input-text\" name=\"everest_forms[form_fields][LbH5NxasXM-2]\" required ><\/div><div id=\"evf-1239-field_66FR384cge-3-container\" class=\"evf-field evf-field-text form-row validate-required\" data-required-field-message=\"This field is required.\" data-field-id=\"66FR384cge-3\"><label class=\"evf-field-label\" for=\"evf-1239-field_66FR384cge-3\"><span class=\"evf-label\">Objet<\/span> <abbr class=\"required\" title=\"N\u00e9cessaire\">*<\/abbr><\/label><input type=\"text\" id=\"evf-1239-field_66FR384cge-3\" class=\"input-text\" name=\"everest_forms[form_fields][66FR384cge-3]\" required><\/div><div id=\"evf-1239-field_yhGx3FOwr2-4-container\" class=\"evf-field evf-field-textarea form-row validate-required\" data-required-field-message=\"This field is required.\" data-field-id=\"yhGx3FOwr2-4\"><label class=\"evf-field-label\" for=\"evf-1239-field_yhGx3FOwr2-4\"><span class=\"evf-label\">Message<\/span> <abbr class=\"required\" title=\"N\u00e9cessaire\">*<\/abbr><\/label><textarea id=\"evf-1239-field_yhGx3FOwr2-4\" class=\"input-text\" name=\"everest_forms[form_fields][yhGx3FOwr2-4]\" required ><\/textarea><\/div><div id=\"evf-1239-field_5r2xjiGAtm-6-container\" class=\"evf-field evf-field-recaptcha form-row\" data-field-id=\"5r2xjiGAtm-6\"><label class=\"evf-field-label\" for=\"evf-1239-field_5r2xjiGAtm-6\"><span class=\"evf-label\">reCaptcha<\/span> <\/label><div class=\"evf-recaptcha-container \" style=\"display:block\"><div class=\"g-recaptcha\" data-sitekey=\"6LfLnwwrAAAAAIbesvAbCfGaDHkBWL1qgUuJQMUN\"><\/div><\/div><\/div><\/div><\/div><\/div><div class=\"evf-honeypot-container evf-field-hp\"><label for=\"evf-1239-field-hp\" class=\"evf-field-label\">Name<\/label><input type=\"text\" name=\"everest_forms[hp]\" id=\"evf-1239-field-hp\" class=\"input-text\"><\/div><div class=\"evf-submit-container \" ><input type=\"hidden\" name=\"everest_forms[id]\" value=\"1239\"><input type=\"hidden\" name=\"everest_forms[author]\" value=\"1\"><button type='submit' name='everest_forms[submit]' class='everest-forms-submit-button button evf-submit ' id='evf-submit-1239' value='evf-submit' data-process-text=\"En cours...\" conditional_rules='&quot;&quot;' conditional_id='evf-submit-1239'  id=\"evf-submit-1239\" aria-live=\"assertive\">Envoyer<\/button><\/div><\/form><\/div><!-- .evf-container --><\/div>","protected":false},"excerpt":{"rendered":"<p>Steve Kessel Tel: 06 72 45 75 30 \/ 04 90 72 26 79 Mail: art.facade.dantan13300@gmail.com \u00ab\u00a0Pour toute demande de Devis, n&rsquo;h\u00e9sitez pas \u00e0 nous contacter en remplissant le formulaire ci-dessous\u00a0\u00bb<\/p>\n","protected":false},"author":1,"featured_media":72,"parent":0,"menu_order":0,"comment_status":"closed","ping_status":"closed","template":"","meta":{"footnotes":""},"class_list":["post-10","page","type-page","status-publish","has-post-thumbnail","hentry"],"yoast_head":"<!-- This site is optimized with the Yoast SEO plugin v24.8.1 - https:\/\/yoast.com\/wordpress\/plugins\/seo\/ -->\n<title>Contact\/Devis &#8212; Fa\u00e7adier M\u00e9rindol<\/title>\n<meta name=\"description\" content=\"Contactez Art et Fa\u00e7ade d&#039;antan. Demande de devis. Fa\u00e7adier M\u00e9rindol\" \/>\n<meta name=\"robots\" content=\"index, follow, max-snippet:-1, max-image-preview:large, max-video-preview:-1\" \/>\n<link rel=\"canonical\" href=\"https:\/\/artetfacadedantan.fr\/index.php\/contact\/\" \/>\n<meta property=\"og:locale\" content=\"fr_FR\" \/>\n<meta property=\"og:type\" content=\"article\" \/>\n<meta property=\"og:title\" content=\"Contact\/Devis &#8212; Fa\u00e7adier M\u00e9rindol\" \/>\n<meta property=\"og:description\" content=\"Contactez Art et Fa\u00e7ade d&#039;antan. Demande de devis. Fa\u00e7adier M\u00e9rindol\" \/>\n<meta property=\"og:url\" content=\"https:\/\/artetfacadedantan.fr\/index.php\/contact\/\" \/>\n<meta property=\"og:site_name\" content=\"Fa\u00e7adier M\u00e9rindol\" \/>\n<meta property=\"article:publisher\" content=\"https:\/\/www.facebook.com\/art.facades.antan\/?__tn__=%2cd%2cP-R&amp;amp%3bamp%3bamp%3bamp%3bamp%3bamp%3bamp%3bamp%3bamp%3bamp%3bamp%3bamp%3bamp%3bamp%3bamp%3bamp%3bamp%3bamp%3bamp%3beid=ARDUnInvED819Dzw_q2KqbVZ_tkEvurR76KvHbzi0ZXQcbdkcu4AdLRGUkYZk0VL8co9fllvt1kGFYHb\" \/>\n<meta property=\"article:modified_time\" content=\"2024-11-19T11:24:50+00:00\" \/>\n<meta property=\"og:image\" content=\"https:\/\/artetfacadedantan.fr\/wp-content\/uploads\/2019\/09\/art-et-facades-d-antan-bastide_0.jpg\" \/>\n\t<meta property=\"og:image:width\" content=\"1280\" \/>\n\t<meta property=\"og:image:height\" content=\"960\" \/>\n\t<meta property=\"og:image:type\" content=\"image\/jpeg\" \/>\n<meta name=\"twitter:card\" content=\"summary_large_image\" \/>\n<meta name=\"twitter:label1\" content=\"Dur\u00e9e de lecture estim\u00e9e\" \/>\n\t<meta name=\"twitter:data1\" content=\"1 minute\" \/>\n<script type=\"application\/ld+json\" class=\"yoast-schema-graph\">{\"@context\":\"https:\/\/schema.org\",\"@graph\":[{\"@type\":\"WebPage\",\"@id\":\"https:\/\/artetfacadedantan.fr\/index.php\/contact\/\",\"url\":\"https:\/\/artetfacadedantan.fr\/index.php\/contact\/\",\"name\":\"Contact\/Devis &#8212; Fa\u00e7adier M\u00e9rindol\",\"isPartOf\":{\"@id\":\"https:\/\/artetfacadedantan.fr\/#website\"},\"primaryImageOfPage\":{\"@id\":\"https:\/\/artetfacadedantan.fr\/index.php\/contact\/#primaryimage\"},\"image\":{\"@id\":\"https:\/\/artetfacadedantan.fr\/index.php\/contact\/#primaryimage\"},\"thumbnailUrl\":\"https:\/\/artetfacadedantan.fr\/wp-content\/uploads\/2019\/09\/art-et-facades-d-antan-bastide_0.jpg\",\"datePublished\":\"2019-09-23T11:23:58+00:00\",\"dateModified\":\"2024-11-19T11:24:50+00:00\",\"description\":\"Contactez Art et Fa\u00e7ade d'antan. Demande de devis. Fa\u00e7adier M\u00e9rindol\",\"breadcrumb\":{\"@id\":\"https:\/\/artetfacadedantan.fr\/index.php\/contact\/#breadcrumb\"},\"inLanguage\":\"fr-FR\",\"potentialAction\":[{\"@type\":\"ReadAction\",\"target\":[\"https:\/\/artetfacadedantan.fr\/index.php\/contact\/\"]}]},{\"@type\":\"ImageObject\",\"inLanguage\":\"fr-FR\",\"@id\":\"https:\/\/artetfacadedantan.fr\/index.php\/contact\/#primaryimage\",\"url\":\"https:\/\/artetfacadedantan.fr\/wp-content\/uploads\/2019\/09\/art-et-facades-d-antan-bastide_0.jpg\",\"contentUrl\":\"https:\/\/artetfacadedantan.fr\/wp-content\/uploads\/2019\/09\/art-et-facades-d-antan-bastide_0.jpg\",\"width\":1280,\"height\":960},{\"@type\":\"BreadcrumbList\",\"@id\":\"https:\/\/artetfacadedantan.fr\/index.php\/contact\/#breadcrumb\",\"itemListElement\":[{\"@type\":\"ListItem\",\"position\":1,\"name\":\"Accueil\",\"item\":\"https:\/\/artetfacadedantan.fr\/\"},{\"@type\":\"ListItem\",\"position\":2,\"name\":\"Contact\/Devis\"}]},{\"@type\":\"WebSite\",\"@id\":\"https:\/\/artetfacadedantan.fr\/#website\",\"url\":\"https:\/\/artetfacadedantan.fr\/\",\"name\":\"Art et Fa\u00e7ades d'antan\",\"description\":\"Artisan fa\u00e7adier depuis 2001\",\"publisher\":{\"@id\":\"https:\/\/artetfacadedantan.fr\/#organization\"},\"potentialAction\":[{\"@type\":\"SearchAction\",\"target\":{\"@type\":\"EntryPoint\",\"urlTemplate\":\"https:\/\/artetfacadedantan.fr\/?s={search_term_string}\"},\"query-input\":{\"@type\":\"PropertyValueSpecification\",\"valueRequired\":true,\"valueName\":\"search_term_string\"}}],\"inLanguage\":\"fr-FR\"},{\"@type\":\"Organization\",\"@id\":\"https:\/\/artetfacadedantan.fr\/#organization\",\"name\":\"Art et fa\u00e7ades d'antan\",\"url\":\"https:\/\/artetfacadedantan.fr\/\",\"logo\":{\"@type\":\"ImageObject\",\"inLanguage\":\"fr-FR\",\"@id\":\"https:\/\/artetfacadedantan.fr\/#\/schema\/logo\/image\/\",\"url\":\"https:\/\/artetfacadedantan.fr\/wp-content\/uploads\/2019\/09\/art-et-facades-d-antan-acceuil_02.jpg\",\"contentUrl\":\"https:\/\/artetfacadedantan.fr\/wp-content\/uploads\/2019\/09\/art-et-facades-d-antan-acceuil_02.jpg\",\"width\":1280,\"height\":960,\"caption\":\"Art et fa\u00e7ades d'antan\"},\"image\":{\"@id\":\"https:\/\/artetfacadedantan.fr\/#\/schema\/logo\/image\/\"},\"sameAs\":[\"https:\/\/www.facebook.com\/art.facades.antan\/?__tn__=,d,P-R&amp;amp;amp;amp;amp;amp;amp;amp;amp;amp;amp;amp;amp;amp;amp;amp;amp;amp;amp;eid=ARDUnInvED819Dzw_q2KqbVZ_tkEvurR76KvHbzi0ZXQcbdkcu4AdLRGUkYZk0VL8co9fllvt1kGFYHb\",\"https:\/\/www.instagram.com\/art.et.facade.dantan\/\"]}]}<\/script>\n<!-- \/ Yoast SEO plugin. -->","yoast_head_json":{"title":"Contact\/Devis &#8212; Fa\u00e7adier M\u00e9rindol","description":"Contactez Art et Fa\u00e7ade d'antan. Demande de devis. Fa\u00e7adier M\u00e9rindol","robots":{"index":"index","follow":"follow","max-snippet":"max-snippet:-1","max-image-preview":"max-image-preview:large","max-video-preview":"max-video-preview:-1"},"canonical":"https:\/\/artetfacadedantan.fr\/index.php\/contact\/","og_locale":"fr_FR","og_type":"article","og_title":"Contact\/Devis &#8212; Fa\u00e7adier M\u00e9rindol","og_description":"Contactez Art et Fa\u00e7ade d'antan. Demande de devis. Fa\u00e7adier M\u00e9rindol","og_url":"https:\/\/artetfacadedantan.fr\/index.php\/contact\/","og_site_name":"Fa\u00e7adier M\u00e9rindol","article_publisher":"https:\/\/www.facebook.com\/art.facades.antan\/?__tn__=%2cd%2cP-R&amp%3bamp%3bamp%3bamp%3bamp%3bamp%3bamp%3bamp%3bamp%3bamp%3bamp%3bamp%3bamp%3bamp%3bamp%3bamp%3bamp%3bamp%3bamp%3beid=ARDUnInvED819Dzw_q2KqbVZ_tkEvurR76KvHbzi0ZXQcbdkcu4AdLRGUkYZk0VL8co9fllvt1kGFYHb","article_modified_time":"2024-11-19T11:24:50+00:00","og_image":[{"width":1280,"height":960,"url":"https:\/\/artetfacadedantan.fr\/wp-content\/uploads\/2019\/09\/art-et-facades-d-antan-bastide_0.jpg","type":"image\/jpeg"}],"twitter_card":"summary_large_image","twitter_misc":{"Dur\u00e9e de lecture estim\u00e9e":"1 minute"},"schema":{"@context":"https:\/\/schema.org","@graph":[{"@type":"WebPage","@id":"https:\/\/artetfacadedantan.fr\/index.php\/contact\/","url":"https:\/\/artetfacadedantan.fr\/index.php\/contact\/","name":"Contact\/Devis &#8212; Fa\u00e7adier M\u00e9rindol","isPartOf":{"@id":"https:\/\/artetfacadedantan.fr\/#website"},"primaryImageOfPage":{"@id":"https:\/\/artetfacadedantan.fr\/index.php\/contact\/#primaryimage"},"image":{"@id":"https:\/\/artetfacadedantan.fr\/index.php\/contact\/#primaryimage"},"thumbnailUrl":"https:\/\/artetfacadedantan.fr\/wp-content\/uploads\/2019\/09\/art-et-facades-d-antan-bastide_0.jpg","datePublished":"2019-09-23T11:23:58+00:00","dateModified":"2024-11-19T11:24:50+00:00","description":"Contactez Art et Fa\u00e7ade d'antan. Demande de devis. Fa\u00e7adier M\u00e9rindol","breadcrumb":{"@id":"https:\/\/artetfacadedantan.fr\/index.php\/contact\/#breadcrumb"},"inLanguage":"fr-FR","potentialAction":[{"@type":"ReadAction","target":["https:\/\/artetfacadedantan.fr\/index.php\/contact\/"]}]},{"@type":"ImageObject","inLanguage":"fr-FR","@id":"https:\/\/artetfacadedantan.fr\/index.php\/contact\/#primaryimage","url":"https:\/\/artetfacadedantan.fr\/wp-content\/uploads\/2019\/09\/art-et-facades-d-antan-bastide_0.jpg","contentUrl":"https:\/\/artetfacadedantan.fr\/wp-content\/uploads\/2019\/09\/art-et-facades-d-antan-bastide_0.jpg","width":1280,"height":960},{"@type":"BreadcrumbList","@id":"https:\/\/artetfacadedantan.fr\/index.php\/contact\/#breadcrumb","itemListElement":[{"@type":"ListItem","position":1,"name":"Accueil","item":"https:\/\/artetfacadedantan.fr\/"},{"@type":"ListItem","position":2,"name":"Contact\/Devis"}]},{"@type":"WebSite","@id":"https:\/\/artetfacadedantan.fr\/#website","url":"https:\/\/artetfacadedantan.fr\/","name":"Art et Fa\u00e7ades d'antan","description":"Artisan fa\u00e7adier depuis 2001","publisher":{"@id":"https:\/\/artetfacadedantan.fr\/#organization"},"potentialAction":[{"@type":"SearchAction","target":{"@type":"EntryPoint","urlTemplate":"https:\/\/artetfacadedantan.fr\/?s={search_term_string}"},"query-input":{"@type":"PropertyValueSpecification","valueRequired":true,"valueName":"search_term_string"}}],"inLanguage":"fr-FR"},{"@type":"Organization","@id":"https:\/\/artetfacadedantan.fr\/#organization","name":"Art et fa\u00e7ades d'antan","url":"https:\/\/artetfacadedantan.fr\/","logo":{"@type":"ImageObject","inLanguage":"fr-FR","@id":"https:\/\/artetfacadedantan.fr\/#\/schema\/logo\/image\/","url":"https:\/\/artetfacadedantan.fr\/wp-content\/uploads\/2019\/09\/art-et-facades-d-antan-acceuil_02.jpg","contentUrl":"https:\/\/artetfacadedantan.fr\/wp-content\/uploads\/2019\/09\/art-et-facades-d-antan-acceuil_02.jpg","width":1280,"height":960,"caption":"Art et fa\u00e7ades d'antan"},"image":{"@id":"https:\/\/artetfacadedantan.fr\/#\/schema\/logo\/image\/"},"sameAs":["https:\/\/www.facebook.com\/art.facades.antan\/?__tn__=,d,P-R&amp;amp;amp;amp;amp;amp;amp;amp;amp;amp;amp;amp;amp;amp;amp;amp;amp;amp;amp;eid=ARDUnInvED819Dzw_q2KqbVZ_tkEvurR76KvHbzi0ZXQcbdkcu4AdLRGUkYZk0VL8co9fllvt1kGFYHb","https:\/\/www.instagram.com\/art.et.facade.dantan\/"]}]}},"_links":{"self":[{"href":"https:\/\/artetfacadedantan.fr\/index.php\/wp-json\/wp\/v2\/pages\/10","targetHints":{"allow":["GET"]}}],"collection":[{"href":"https:\/\/artetfacadedantan.fr\/index.php\/wp-json\/wp\/v2\/pages"}],"about":[{"href":"https:\/\/artetfacadedantan.fr\/index.php\/wp-json\/wp\/v2\/types\/page"}],"author":[{"embeddable":true,"href":"https:\/\/artetfacadedantan.fr\/index.php\/wp-json\/wp\/v2\/users\/1"}],"replies":[{"embeddable":true,"href":"https:\/\/artetfacadedantan.fr\/index.php\/wp-json\/wp\/v2\/comments?post=10"}],"version-history":[{"count":18,"href":"https:\/\/artetfacadedantan.fr\/index.php\/wp-json\/wp\/v2\/pages\/10\/revisions"}],"predecessor-version":[{"id":1332,"href":"https:\/\/artetfacadedantan.fr\/index.php\/wp-json\/wp\/v2\/pages\/10\/revisions\/1332"}],"wp:featuredmedia":[{"embeddable":true,"href":"https:\/\/artetfacadedantan.fr\/index.php\/wp-json\/wp\/v2\/media\/72"}],"wp:attachment":[{"href":"https:\/\/artetfacadedantan.fr\/index.php\/wp-json\/wp\/v2\/media?parent=10"}],"curies":[{"name":"wp","href":"https:\/\/api.w.org\/{rel}","templated":true}]}}