{"version":"1.0","provider_name":"Fa\u00e7adier M\u00e9rindol","provider_url":"https:\/\/artetfacadedantan.fr","title":"facadier salon de provence","type":"rich","width":600,"height":338,"html":"<blockquote class=\"wp-embedded-content\" data-secret=\"jpXIJzu9Et\"><a href=\"https:\/\/artetfacadedantan.fr\/index.php\/a-propos-de-nous\/\">\u00c0 propos de nous<\/a><\/blockquote><iframe sandbox=\"allow-scripts\" security=\"restricted\" src=\"https:\/\/artetfacadedantan.fr\/index.php\/a-propos-de-nous\/embed\/#?secret=jpXIJzu9Et\" width=\"600\" height=\"338\" title=\"\u00ab\u00a0\u00c0 propos de nous\u00a0\u00bb &#8212; Fa\u00e7adier M\u00e9rindol\" data-secret=\"jpXIJzu9Et\" frameborder=\"0\" marginwidth=\"0\" marginheight=\"0\" scrolling=\"no\" class=\"wp-embedded-content\"><\/iframe><script>\n\/*! This file is auto-generated *\/\n!function(d,l){\"use strict\";l.querySelector&&d.addEventListener&&\"undefined\"!=typeof URL&&(d.wp=d.wp||{},d.wp.receiveEmbedMessage||(d.wp.receiveEmbedMessage=function(e){var t=e.data;if((t||t.secret||t.message||t.value)&&!\/[^a-zA-Z0-9]\/.test(t.secret)){for(var s,r,n,a=l.querySelectorAll('iframe[data-secret=\"'+t.secret+'\"]'),o=l.querySelectorAll('blockquote[data-secret=\"'+t.secret+'\"]'),c=new RegExp(\"^https?:$\",\"i\"),i=0;i<o.length;i++)o[i].style.display=\"none\";for(i=0;i<a.length;i++)s=a[i],e.source===s.contentWindow&&(s.removeAttribute(\"style\"),\"height\"===t.message?(1e3<(r=parseInt(t.value,10))?r=1e3:~~r<200&&(r=200),s.height=r):\"link\"===t.message&&(r=new URL(s.getAttribute(\"src\")),n=new URL(t.value),c.test(n.protocol))&&n.host===r.host&&l.activeElement===s&&(d.top.location.href=t.value))}},d.addEventListener(\"message\",d.wp.receiveEmbedMessage,!1),l.addEventListener(\"DOMContentLoaded\",function(){for(var e,t,s=l.querySelectorAll(\"iframe.wp-embedded-content\"),r=0;r<s.length;r++)(t=(e=s[r]).getAttribute(\"data-secret\"))||(t=Math.random().toString(36).substring(2,12),e.src+=\"#?secret=\"+t,e.setAttribute(\"data-secret\",t)),e.contentWindow.postMessage({message:\"ready\",secret:t},\"*\")},!1)))}(window,document);\n<\/script>\n","description":"Art et Fa\u00e7ade d\u2019Antan est une entreprise de r\u00e9novation, de ravalement de fa\u00e7ade et de travaux d\u2019isolation thermique par l\u2019ext\u00e9rieur avec un syst\u00e8me de pose ma\u00eetris\u00e9. \u00a0Cr\u00e9\u00e9 par Steve Kessel, fa\u00e7adier, de 17 ans d\u2019exp\u00e9riences.","thumbnail_url":"https:\/\/artetfacadedantan.fr\/wp-content\/uploads\/2019\/09\/art-et-facades-d-antan-villas-contemporaines_01-1.jpg","thumbnail_width":1280,"thumbnail_height":960}